{"id":6,"date":"2017-08-21T10:50:28","date_gmt":"2017-08-21T08:50:28","guid":{"rendered":"http:\/\/vivatv.webd.pl\/bal\/?page_id=1258"},"modified":"2017-08-21T10:50:28","modified_gmt":"2017-08-21T08:50:28","slug":"artysci-2017","status":"publish","type":"page","link":"https:\/\/bal.vivadental.pl\/2017\/artysci-2017\/","title":{"rendered":"Arty\u015bci 2017"},"content":{"rendered":"<h2 style=\"text-align: center;\">Drugi Bal Charytatywny Fundacji dla Dzieci Vivadental &#8222;Z U\u015bmiechem w \u017bycie&#8221; u\u015bwietni\u0105:<\/h2>\n<h3 style=\"text-align: center;\"><strong>Gwiazda Wieczoru \u2013 Ma\u0142gorzata Ostrowska z Zespo\u0142em<\/strong><\/h3>\n<h3 style=\"text-align: center;\"><strong>Oprawa muzyczna &#8211;\u00a0 Bart\u0142omiej Szopi\u0144ski z Zespo\u0142em<\/strong><\/h3>\n<h3 style=\"text-align: center;\"><strong>Prowadzenie &#8211; Wojciech Tremiszewski.<\/strong><\/h3>\n<p>&nbsp;<\/p>\n<p><img decoding=\"async\" loading=\"lazy\" class=\"alignnone wp-image-1303 size-medium aligncenter\" src=\"http:\/\/vivatv.webd.pl\/bal\/wp-content\/uploads\/2017\/08\/OKULARY-337x400.jpg\" alt=\"\" width=\"337\" height=\"400\" srcset=\"https:\/\/bal.vivadental.pl\/2017\/wp-content\/uploads\/2017\/08\/OKULARY-337x400.jpg 337w, https:\/\/bal.vivadental.pl\/2017\/wp-content\/uploads\/2017\/08\/OKULARY-768x911.jpg 768w, https:\/\/bal.vivadental.pl\/2017\/wp-content\/uploads\/2017\/08\/OKULARY-863x1024.jpg 863w\" sizes=\"(max-width: 337px) 100vw, 337px\" \/><\/p>\n<h3 style=\"text-align: center;\"><strong>Ma\u0142gorzata Ostrowska<\/strong><\/h3>\n<p style=\"text-align: justify;\">Okre\u015blana jest &#8222;ikon\u0105 polskiego rocka lat 80\u2019tych&#8221; i od lat nale\u017cy do najciekawszych postaci polskiej sceny muzycznej.<\/p>\n<p style=\"text-align: justify;\">Popularno\u015b\u0107 zdoby\u0142a jako wokalistka zespo\u0142u LOMBARD, z kt\u00f3rym zagra\u0142a ponad tysi\u0105c trzysta koncert\u00f3w w Polsce i poza granicami kraju (w USA, RFN, ZSRR, Holandii, Czechos\u0142owacji, Szwecji, dawnej Jugos\u0142awii, Iraku, na W\u0119grzech i we W\u0142oszech), nagra\u0142a dziesi\u0119\u0107 p\u0142yt, z kt\u00f3rych trzy otrzyma\u0142y status \u201cZ\u0142otej P\u0142yty&#8221;, a tak\u017ce wylansowa\u0142a kilkana\u015bcie przeboj\u00f3w (takich jak m.in. &#8222;Szklana pogoda&#8221;, &#8222;Droga Pani Telewizji&#8221;, &#8222;Taniec pingwina na szkle&#8221;, &#8222;Mister of America&#8221;, &#8222;Znowu radio&#8221;, &#8222;Mam do\u015b\u0107&#8221; czy &#8222;Meluzyna&#8221;). Koncerty jazzowe na Festiwalu \u201cJazz Jamboree&#8221;, rola Kr\u00f3lowej Aby w filmie &#8222;Podr\u00f3\u017ce Pana Kleksa&#8221;, rola Marii Magdaleny w polskiej wersji rock-opery \u201cJezus Chrystus Superstar&#8221;, a p\u00f3\u017aniej tytu\u0142owa rola w musicalu \u201cPoca\u0142unek Kobiety-Paj\u0105ka&#8221; to kolejne etapy kariery, kt\u00f3re uczyni\u0142y z niej niezwykle intryguj\u0105c\u0105, nieszablonow\u0105 artystk\u0119 estradow\u0105.<\/p>\n<p style=\"text-align: justify;\">W 1999 roku podczas Festiwalu w Sopocie otrzyma\u0142a statuetk\u0119 &#8222;Bursztynowego S\u0142owika&#8221; za ca\u0142okszta\u0142t dzia\u0142alno\u015bci i w tym samym roku rozpocz\u0119\u0142a karier\u0119 solow\u0105. Od tego czasu wyda\u0142a pi\u0119\u0107 p\u0142yt, z kt\u00f3rych ostatnia zatytu\u0142owana &#8222;Gramy!&#8221; ukaza\u0142a si\u0119 jesieni\u0105 2012 roku. Kilka utwor\u00f3w z okresu kariery solowej trafi\u0142o na listy przeboj\u00f3w, m.in. &#8222;Lawa&#8221;, &#8222;S\u0142owa jak w\u0119\u017ce do ucha&#8221;, &#8222;Szpilki&#8221; i &#8222;Po niebieskim niebie&#8221;.<\/p>\n<p style=\"text-align: justify;\">Od 2007 roku Ma\u0142gorzata Ostrowska posiada swoj\u0105 gwiazd\u0119 w Alei Gwiazd Polskiej Piosenki w Opolu, a w 2013 roku podczas jubileuszowego 50 Festiwalu otrzyma\u0142a tytu\u0142 &#8222;Ikony Festiwalu Opolskiego&#8221;.<\/p>\n<p style=\"text-align: justify;\">Ma\u0142gorzata Ostrowska cieszy si\u0119 nies\u0142abn\u0105c\u0105 popularno\u015bci\u0105 i sympati\u0105 s\u0142uchaczy, du\u017co koncertuje, a tak\u017ce cz\u0119sto jest zapraszana do r\u00f3\u017cnych program\u00f3w telewizyjnych. Opr\u00f3cz koncert\u00f3w ze swoim zespo\u0142em bierze aktualnie udzia\u0142 w kilku okazjonalnych cyklach koncertowych \u2013 &#8222;Symphonica&#8221;, &#8222;Symphonica 2&#8221;, &#8222;Orkiestra Z\u0142otych Przeboj\u00f3w&#8221; i &#8222;U2 Symfonicznie&#8221;, a w tym roku jest go\u015bciem specjalnym koncert\u00f3w &#8222;M\u0119skie Granie&#8221;.<\/p>\n<p style=\"text-align: justify;\">Najwi\u0119kszym atutem Ma\u0142gorzaty Ostrowskiej s\u0105 koncerty, podczas kt\u00f3rych pokazuje swoje ogromne mo\u017cliwo\u015bci wokalne i niezwyk\u0142y temperament.<\/p>\n<p style=\"text-align: justify;\">P\u0142yty solowe:<\/p>\n<p style=\"text-align: justify;\">&#8211; &#8222;Ma\u0142gorzata Ostrowska&#8221; (Inter Sonus 1993) \u2013 sk\u0142adanka niepublikowanych utwor\u00f3w z grupami Lombard, Zander, D\u017cem, Basspace, Acid Drinkers i Micha\u0142em Urbaniakiem<br \/>\n&#8211; &#8222;Alchemia&#8221; (Sony Music Polska 1999)<br \/>\n&#8211; &#8222;Przed \u015bwitem&#8221; (Sony Music Polska 2000)<br \/>\n&#8211; &#8222;Instynkt&#8221; (Sony Music Polska 2001)<br \/>\n&#8211; &#8222;Moja kolekcja&#8221; (Warner Music Poland 2007) \u2013 sk\u0142adanka przeboj\u00f3w i niepublikowanych nagra\u0144 z\u00a0okresu kariery solowej<br \/>\n&#8211; &#8222;S\u0142owa&#8221; (Warner Music Poland 2007)<br \/>\n&#8211; &#8222;Gramy!&#8221; (MTJ 2012) \u2013 album koncertowy + DVD.<\/p>\n<h4 style=\"text-align: justify;\">18 listopada podczas Balu Ma\u0142gorzata Ostrowska wraz z Zespo\u0142em zaprezentuje specjalnie przygotowany program akustyczny.<\/h4>\n<h3><\/h3>\n<p><img decoding=\"async\" loading=\"lazy\" class=\" wp-image-1380 aligncenter\" src=\"http:\/\/vivatv.webd.pl\/bal\/wp-content\/uploads\/2017\/08\/th1.jpg\" alt=\"\" width=\"386\" height=\"299\" \/><\/p>\n<h3 style=\"text-align: center;\"><strong>Bart\u0142omiej Szopi\u0144ski<\/strong><\/h3>\n<p style=\"text-align: justify;\">Uznany pianista, organista hammonda, kompozytor, dziesi\u0119ciokrotnie nagrodzony statuetk\u0105 &#8222;Pianista Roku&#8221; &#8211; wg. ankiety &#8222;Blues TOP&#8221;. Swoj\u0105 zawodow\u0105 karier\u0119 zaczyna\u0142 w wieku 14-tu lat jako cz\u0142onek popularnego zespo\u0142u L.O.27. P\u00f3\u017aniej, jako lider &#8222;Boogie Boys&#8221;, odni\u00f3s\u0142 sukces w USA, Kanadzie i Europie Zachodniej.<\/p>\n<p style=\"text-align: justify;\">Otwiera\u0142 koncerty (suport show) takich gwiazd jak: Shakin\u2019 Steavens, Joe Bonamassa, Ray Manzarek (The Doors), Eric Burdon (The Annimals), Ana Popovic. Jako muzyk\u00a0 sesyjny nagra\u0142 kilkadziesi\u0105t album\u00f3w (z artystami takimi jak: Big Bill Morgenfield \u2013 syn legendarnego Maddy&#8217;ego Watersa, Studebaker John (ex. Cream), John Clifton, L.O.27, Jafia, Sedativa, Kasa Chorych, Hot Water).<\/p>\n<p style=\"text-align: justify;\">Poza wymienionym, koncertowa\u0142 u boku takich nazwisk jak: Phil Guy (brat legendarnego Buddy Guy&#8217;a), Jonny Rawles, Kate Moss, Kara Grainger, Larry McRay, Mississippi Gospel Choir, Rod Piazza, Ron Thompson itd. By\u0142 go\u015bciem wielu presti\u017cowych festiwali w USA, Kanadzie, Europie i Japonii: Montreal Jazz Festival, International Blues Challenge (Memphis, TN), Blues From The Top Colorado, Baden-Baden Boogie Nights, Hamamatsu World Music Festival.<\/p>\n<p style=\"text-align: justify;\">Pomys\u0142odawca i wsp\u00f3\u0142organizator &#8222;Polish Boogie Festival&#8221;.<\/p>\n<p style=\"text-align: justify;\">W karierze solowej wyda\u0142 pierwszy album, kt\u00f3rego producentem jest Marek Sierocki. Na p\u0142ycie znajduje si\u0119 dwana\u015bcie najpi\u0119kniejszych piosenek lat 60-tych w fortepianowo \u2013 smooth jazzowej interpretacji.\u00a0 Na p\u0142ycie towarzysz\u0105 mu znakomici muzycy: gitarzysta Jacek Jagu\u015b, basista Andrzej Stagraczy\u0144ski oraz perkusista Bartosz Niebielecki. Go\u015bcinnie udzia\u0142 wzi\u0119li: saksofonista Marcin Nowakowski i tr\u0119bacz Sebastian So\u0142drzy\u0144ski.<\/p>\n<p style=\"text-align: justify;\">&#8211; Zmierzenie si\u0119 z t\u0105 materi\u0105 by\u0142o sporym wyzwaniem. Te piosenki zosta\u0142y w g\u0142owach i sercach wielu s\u0142uchaczy jako niedotykalne hity-\u00a0 przyznaje Bart\u0142omiej Szopi\u0144ski.<\/p>\n<p style=\"text-align: justify;\">W\u015br\u00f3d utwor\u00f3w, kt\u00f3re znalaz\u0142y si\u0119 na p\u0142ycie, s\u0105 takie przeboje jak &#8222;Pod Papugami&#8221; Czes\u0142awa Niemena, &#8222;Kocha\u0107&#8221; Piotra Szczepanika czy &#8222;Historia jednej znajomo\u015bci&#8221; Czerwonych Gitar, kt\u00f3re r\u00f3wnie\u017c us\u0142yszymy w czasie Balu.<\/p>\n<p style=\"text-align: center;\"><img decoding=\"async\" loading=\"lazy\" class=\"alignnone wp-image-1400\" src=\"http:\/\/vivatv.webd.pl\/bal\/wp-content\/uploads\/2017\/08\/fot.-micha\u0142-giorew-du\u017ca-4-267x400.jpg\" alt=\"\" width=\"390\" height=\"524\" \/><\/p>\n<h3 style=\"text-align: center;\"><strong>Wojciech Tremiszewski<\/strong><\/h3>\n<p style=\"text-align: justify;\">Urodzony w Gdyni aktor, re\u017cyser, scenarzysta i edukator Stowarzyszenia Teatralno-Edukacyjnego Teatru &#8222;Wybrze\u017cak&#8221; w Gda\u0144sku. Cz\u0142onek Grupy Muflasz i kabaretu Limo oraz teatru improwizacji\u00a0&#8222;W Gor\u0105cej Wodzie Kompani&#8221;.\u00a0W teatrze zadebiutowa\u0142 w roku 1997 w sztuce Mirona Bia\u0142oszewskiego Pami\u0119tnik z powstania warszawskiego w re\u017cyserii Wies\u0142awa G\u00f3rskiego. Za\u0142o\u017cyciel i koncepcyjny lider tr\u00f3jmiejskiego teatru improwizacji &#8222;W Gor\u0105cej Wodzie Kompani&#8221;.\u00a0Wciela si\u0119 w posta\u0107 Warrena, przyjaciela rodziny Owens\u00f3w w emitowanym przez telewizj\u0119 Polsat, a nast\u0119pnie przez TV 4 kabaretowym serialu improwizowanym Spadkobiercy.<\/p>\n<hr \/>\n<p style=\"text-align: center;\"><a href=\"http:\/\/vivatv.webd.pl\/bal\/artysci-2016\/\">Zobacz Artyst\u00f3w, kt\u00f3rzy wyst\u0105pili dla nas w 2016 roku.<\/a><\/p>\n","protected":false},"excerpt":{"rendered":"<p>Drugi Bal Charytatywny Fundacji dla Dzieci Vivadental &#8222;Z U\u015bmiechem w \u017bycie&#8221; u\u015bwietni\u0105: Gwiazda Wieczoru \u2013 Ma\u0142gorzata Ostrowska z Zespo\u0142em Oprawa muzyczna &#8211;\u00a0 Bart\u0142omiej Szopi\u0144ski z Zespo\u0142em Prowadzenie &#8211; Wojciech Tremiszewski. &nbsp; Ma\u0142gorzata Ostrowska Okre\u015blana jest &#8222;ikon\u0105 polskiego rocka lat 80\u2019tych&#8221; i od lat nale\u017cy do najciekawszych postaci polskiej sceny muzycznej. Popularno\u015b\u0107 zdoby\u0142a jako wokalistka zespo\u0142u &#8230; <a title=\"Arty\u015bci 2017\" class=\"read-more\" href=\"https:\/\/bal.vivadental.pl\/2017\/artysci-2017\/\" aria-label=\"More on Arty\u015bci 2017\">Read more<\/a><\/p>\n","protected":false},"author":1,"featured_media":0,"parent":0,"menu_order":0,"comment_status":"closed","ping_status":"closed","template":"","meta":{"_editorskit_title_hidden":false,"_editorskit_reading_time":0,"_editorskit_typography_data":[],"_editorskit_blocks_typography":"","_editorskit_is_block_options_detached":false,"_editorskit_block_options_position":"{}","_monsterinsights_skip_tracking":false,"_monsterinsights_sitenote_active":false,"_monsterinsights_sitenote_note":"","_monsterinsights_sitenote_category":0},"yoast_head":"<!-- This site is optimized with the Yoast SEO plugin v19.2 - https:\/\/yoast.com\/wordpress\/plugins\/seo\/ -->\n<title>Arty\u015bci 2017 - Bal Vivadental - rok 2017<\/title>\n<meta name=\"robots\" content=\"index, follow, max-snippet:-1, max-image-preview:large, max-video-preview:-1\" \/>\n<link rel=\"canonical\" href=\"https:\/\/bal.vivadental.pl\/2017\/artysci-2017\/\" \/>\n<meta property=\"og:locale\" content=\"pl_PL\" \/>\n<meta property=\"og:type\" content=\"article\" \/>\n<meta property=\"og:title\" content=\"Arty\u015bci 2017 - Bal Vivadental - rok 2017\" \/>\n<meta property=\"og:description\" content=\"Drugi Bal Charytatywny Fundacji dla Dzieci Vivadental &#8222;Z U\u015bmiechem w \u017bycie&#8221; u\u015bwietni\u0105: Gwiazda Wieczoru \u2013 Ma\u0142gorzata Ostrowska z Zespo\u0142em Oprawa muzyczna &#8211;\u00a0 Bart\u0142omiej Szopi\u0144ski z Zespo\u0142em Prowadzenie &#8211; Wojciech Tremiszewski. &nbsp; Ma\u0142gorzata Ostrowska Okre\u015blana jest &#8222;ikon\u0105 polskiego rocka lat 80\u2019tych&#8221; i od lat nale\u017cy do najciekawszych postaci polskiej sceny muzycznej. Popularno\u015b\u0107 zdoby\u0142a jako wokalistka zespo\u0142u ... Read more\" \/>\n<meta property=\"og:url\" content=\"https:\/\/bal.vivadental.pl\/2017\/artysci-2017\/\" \/>\n<meta property=\"og:site_name\" content=\"Bal Vivadental - rok 2017\" \/>\n<meta property=\"og:image\" content=\"http:\/\/vivatv.webd.pl\/bal\/wp-content\/uploads\/2017\/08\/OKULARY-337x400.jpg\" \/>\n<meta name=\"author\" content=\"Jaros\u0142aw Szycik\" \/>\n<meta name=\"twitter:card\" content=\"summary_large_image\" \/>\n<meta name=\"twitter:label1\" content=\"Szacowany czas czytania\" \/>\n\t<meta name=\"twitter:data1\" content=\"4 minuty\" \/>\n<script type=\"application\/ld+json\" class=\"yoast-schema-graph\">{\"@context\":\"https:\/\/schema.org\",\"@graph\":[{\"@type\":\"WebSite\",\"@id\":\"https:\/\/bal.vivadental.pl\/2017\/#website\",\"url\":\"https:\/\/bal.vivadental.pl\/2017\/\",\"name\":\"Bal Vivadental - rok 2017\",\"description\":\"Bal Vivadental - rok 2017\",\"potentialAction\":[{\"@type\":\"SearchAction\",\"target\":{\"@type\":\"EntryPoint\",\"urlTemplate\":\"https:\/\/bal.vivadental.pl\/2017\/?s={search_term_string}\"},\"query-input\":\"required name=search_term_string\"}],\"inLanguage\":\"pl-PL\"},{\"@type\":\"ImageObject\",\"inLanguage\":\"pl-PL\",\"@id\":\"https:\/\/bal.vivadental.pl\/2017\/artysci-2017\/#primaryimage\",\"url\":\"http:\/\/vivatv.webd.pl\/bal\/wp-content\/uploads\/2017\/08\/OKULARY-337x400.jpg\",\"contentUrl\":\"http:\/\/vivatv.webd.pl\/bal\/wp-content\/uploads\/2017\/08\/OKULARY-337x400.jpg\"},{\"@type\":\"WebPage\",\"@id\":\"https:\/\/bal.vivadental.pl\/2017\/artysci-2017\/#webpage\",\"url\":\"https:\/\/bal.vivadental.pl\/2017\/artysci-2017\/\",\"name\":\"Arty\u015bci 2017 - Bal Vivadental - rok 2017\",\"isPartOf\":{\"@id\":\"https:\/\/bal.vivadental.pl\/2017\/#website\"},\"primaryImageOfPage\":{\"@id\":\"https:\/\/bal.vivadental.pl\/2017\/artysci-2017\/#primaryimage\"},\"datePublished\":\"2017-08-21T08:50:28+00:00\",\"dateModified\":\"2017-08-21T08:50:28+00:00\",\"breadcrumb\":{\"@id\":\"https:\/\/bal.vivadental.pl\/2017\/artysci-2017\/#breadcrumb\"},\"inLanguage\":\"pl-PL\",\"potentialAction\":[{\"@type\":\"ReadAction\",\"target\":[\"https:\/\/bal.vivadental.pl\/2017\/artysci-2017\/\"]}]},{\"@type\":\"BreadcrumbList\",\"@id\":\"https:\/\/bal.vivadental.pl\/2017\/artysci-2017\/#breadcrumb\",\"itemListElement\":[{\"@type\":\"ListItem\",\"position\":1,\"name\":\"Strona g\u0142\u00f3wna\",\"item\":\"https:\/\/bal.vivadental.pl\/2017\/\"},{\"@type\":\"ListItem\",\"position\":2,\"name\":\"Arty\u015bci 2017\"}]}]}<\/script>\n<!-- \/ Yoast SEO plugin. -->","yoast_head_json":{"title":"Arty\u015bci 2017 - Bal Vivadental - rok 2017","robots":{"index":"index","follow":"follow","max-snippet":"max-snippet:-1","max-image-preview":"max-image-preview:large","max-video-preview":"max-video-preview:-1"},"canonical":"https:\/\/bal.vivadental.pl\/2017\/artysci-2017\/","og_locale":"pl_PL","og_type":"article","og_title":"Arty\u015bci 2017 - Bal Vivadental - rok 2017","og_description":"Drugi Bal Charytatywny Fundacji dla Dzieci Vivadental &#8222;Z U\u015bmiechem w \u017bycie&#8221; u\u015bwietni\u0105: Gwiazda Wieczoru \u2013 Ma\u0142gorzata Ostrowska z Zespo\u0142em Oprawa muzyczna &#8211;\u00a0 Bart\u0142omiej Szopi\u0144ski z Zespo\u0142em Prowadzenie &#8211; Wojciech Tremiszewski. &nbsp; Ma\u0142gorzata Ostrowska Okre\u015blana jest &#8222;ikon\u0105 polskiego rocka lat 80\u2019tych&#8221; i od lat nale\u017cy do najciekawszych postaci polskiej sceny muzycznej. Popularno\u015b\u0107 zdoby\u0142a jako wokalistka zespo\u0142u ... Read more","og_url":"https:\/\/bal.vivadental.pl\/2017\/artysci-2017\/","og_site_name":"Bal Vivadental - rok 2017","og_image":[{"url":"http:\/\/vivatv.webd.pl\/bal\/wp-content\/uploads\/2017\/08\/OKULARY-337x400.jpg"}],"author":"Jaros\u0142aw Szycik","twitter_card":"summary_large_image","twitter_misc":{"Szacowany czas czytania":"4 minuty"},"schema":{"@context":"https:\/\/schema.org","@graph":[{"@type":"WebSite","@id":"https:\/\/bal.vivadental.pl\/2017\/#website","url":"https:\/\/bal.vivadental.pl\/2017\/","name":"Bal Vivadental - rok 2017","description":"Bal Vivadental - rok 2017","potentialAction":[{"@type":"SearchAction","target":{"@type":"EntryPoint","urlTemplate":"https:\/\/bal.vivadental.pl\/2017\/?s={search_term_string}"},"query-input":"required name=search_term_string"}],"inLanguage":"pl-PL"},{"@type":"ImageObject","inLanguage":"pl-PL","@id":"https:\/\/bal.vivadental.pl\/2017\/artysci-2017\/#primaryimage","url":"http:\/\/vivatv.webd.pl\/bal\/wp-content\/uploads\/2017\/08\/OKULARY-337x400.jpg","contentUrl":"http:\/\/vivatv.webd.pl\/bal\/wp-content\/uploads\/2017\/08\/OKULARY-337x400.jpg"},{"@type":"WebPage","@id":"https:\/\/bal.vivadental.pl\/2017\/artysci-2017\/#webpage","url":"https:\/\/bal.vivadental.pl\/2017\/artysci-2017\/","name":"Arty\u015bci 2017 - Bal Vivadental - rok 2017","isPartOf":{"@id":"https:\/\/bal.vivadental.pl\/2017\/#website"},"primaryImageOfPage":{"@id":"https:\/\/bal.vivadental.pl\/2017\/artysci-2017\/#primaryimage"},"datePublished":"2017-08-21T08:50:28+00:00","dateModified":"2017-08-21T08:50:28+00:00","breadcrumb":{"@id":"https:\/\/bal.vivadental.pl\/2017\/artysci-2017\/#breadcrumb"},"inLanguage":"pl-PL","potentialAction":[{"@type":"ReadAction","target":["https:\/\/bal.vivadental.pl\/2017\/artysci-2017\/"]}]},{"@type":"BreadcrumbList","@id":"https:\/\/bal.vivadental.pl\/2017\/artysci-2017\/#breadcrumb","itemListElement":[{"@type":"ListItem","position":1,"name":"Strona g\u0142\u00f3wna","item":"https:\/\/bal.vivadental.pl\/2017\/"},{"@type":"ListItem","position":2,"name":"Arty\u015bci 2017"}]}]}},"_links":{"self":[{"href":"https:\/\/bal.vivadental.pl\/2017\/wp-json\/wp\/v2\/pages\/6"}],"collection":[{"href":"https:\/\/bal.vivadental.pl\/2017\/wp-json\/wp\/v2\/pages"}],"about":[{"href":"https:\/\/bal.vivadental.pl\/2017\/wp-json\/wp\/v2\/types\/page"}],"author":[{"embeddable":true,"href":"https:\/\/bal.vivadental.pl\/2017\/wp-json\/wp\/v2\/users\/1"}],"replies":[{"embeddable":true,"href":"https:\/\/bal.vivadental.pl\/2017\/wp-json\/wp\/v2\/comments?post=6"}],"version-history":[{"count":0,"href":"https:\/\/bal.vivadental.pl\/2017\/wp-json\/wp\/v2\/pages\/6\/revisions"}],"wp:attachment":[{"href":"https:\/\/bal.vivadental.pl\/2017\/wp-json\/wp\/v2\/media?parent=6"}],"curies":[{"name":"wp","href":"https:\/\/api.w.org\/{rel}","templated":true}]}}