{"id":19,"date":"2017-08-21T12:23:30","date_gmt":"2017-08-21T10:23:30","guid":{"rendered":"http:\/\/vivatv.webd.pl\/bal\/?page_id=1298"},"modified":"2017-08-21T12:23:30","modified_gmt":"2017-08-21T10:23:30","slug":"bal-2017","status":"publish","type":"page","link":"https:\/\/bal.vivadental.pl\/2017\/bal-2017\/","title":{"rendered":"Witamy na stronie Drugiego Balu Charytatywnego Fundacji dla Dzieci Vivadental."},"content":{"rendered":"<p style=\"text-align: justify;\">Serdecznie Pa\u0144stwa zapraszamy 18 listopada 2017 roku na Drugi Bal Charytatywny Fundacji dla Dzieci Vivadental \u00a0\u201eZ U\u015bmiechem w \u017bycie\u201d.\u00a0\u0141\u0105cz\u0105c dobr\u0105 zabaw\u0119 z filantropi\u0105, mamy nadziej\u0119, przy Pa\u0144stwa wsp\u00f3\u0142udziale, zapewni\u0107 sfinansowanie kompleksowego leczenia naszych podopiecznych, w tym najm\u0142odszych mieszka\u0144c\u00f3w\u00a0pomorskich dom\u00f3w dziecka oraz kolejnych pacjent\u00f3w naszej Fundacji cierpi\u0105cych na rzadk\u0105 chorob\u0119 genetyczn\u0105 \u2013 oligodoncj\u0119.\u00a0Na Balu przedstawimy Pa\u0144stwu efekty przeprowadzonego przez nas leczenia u trojga z nich, kt\u00f3rych poznali Pa\u0144stwo w roku ubieg\u0142ym, a kt\u00f3rzy dzi\u0119ki Pa\u0144stwa wydatnej pomocy wkr\u00f3tce b\u0119d\u0105 mogli cieszy\u0107 si\u0119 swoim nowym, pi\u0119knym u\u015bmiechem.<\/p>\n<p style=\"text-align: justify;\">Maj\u0105c w pami\u0119ci Pa\u0144stwa \u017cyczliwe przyj\u0119cie ubieg\u0142orocznego Balu, do\u0142o\u017cymy wszelkich stara\u0144, aby tegoroczny wiecz\u00f3r by\u0142 dla Pa\u0144stwa wspania\u0142ym prze\u017cyciem.<\/p>\n<p style=\"text-align: justify;\">Po pierwsze miejsce: <strong>Europejskie Centrum Solidarno\u015bci<\/strong> \u2013 symbol uniwersalnych warto\u015bci spo\u0142ecznych, sk\u0142aniaj\u0105ce do g\u0142\u0119bszej refleksji i empatii w stosunku do s\u0142abszych i pokrzywdzonych.<\/p>\n<p style=\"text-align: justify;\">Po drugie<strong>: Gwiazda Wieczoru &#8211; Ma\u0142gorzata Ostrowska<\/strong>, legendarna liderka zespo\u0142u Lombard, od lat z powodzeniem prowadz\u0105ca solow\u0105 karier\u0119.<\/p>\n<p style=\"text-align: justify;\">Po trzecie muzyka na \u017cywo: <strong>Bart\u0142omiej Szopi\u0144ski z zespo\u0142em<\/strong> zapewni opraw\u0119 muzyczn\u0105 zawieraj\u0105c\u0105 znane i lubiane utwory polskiej i \u015bwiatowej muzyki.<\/p>\n<p>Po czwarte: Licytacj\u0119 i zabaw\u0119 fantow\u0105 poprowadzi znany i lubiany komentator najwa\u017cniejszych wydarze\u0144 sportowych &#8211; <strong>Tomasz Zimoch.<\/strong><\/p>\n<p style=\"text-align: justify;\">I wreszcie last but not least \u2013 o nast\u00f3j balu zadba prowadz\u0105cy go <strong>Wojciech Tremiszewski<\/strong>, aktor, re\u017cyser, scenarzysta i edukator Stowarzyszenia Teatralno-Edukacyjnego Teatru \u201eWybrze\u017cak\u201d w Gda\u0144sku. Cz\u0142onek Grupy Muflasz i kabaretu Limo. Tw\u00f3rca postaci Warrena w serialu tv Polsat \u201eSpadkobiercy\u201d.<\/p>\n<p style=\"text-align: justify;\">Mamy dla Pa\u0144stwa wiele ciekawych niespodzianek, ale r\u0105bka tajemnicy uchylimy bli\u017cej terminu Balu.<\/p>\n<p style=\"text-align: justify;\">Dlaczego prosimy Pa\u0144stwa o wsp\u00f3lne sp\u0119dzenie czasu w listopadowy wiecz\u00f3r? Poniewa\u017c zale\u017cy nam na Pa\u0144stwa uwadze skierowanej na podopiecznych Fundacji. Szczeg\u00f3lnie chcemy uwra\u017cliwi\u0107 Pa\u0144stwa na m\u0142odych ludzi cierpi\u0105cych na schorzenie, kt\u00f3re dotyka w Polsce oko\u0142o 40 tysi\u0119cy os\u00f3b &#8211; oligodoncj\u0119.<\/p>\n<p style=\"text-align: justify;\">Najprostsza definicja choroby brzmi: mnogi wrodzony brak zawi\u0105zk\u00f3w z\u0119b\u00f3w sta\u0142ych, powoduj\u0105cy po utracie z\u0119b\u00f3w mlecznych, brak uz\u0119bienia. To choroba o pod\u0142o\u017cu genetycznym, kt\u00f3ra szczeg\u00f3lnie aktywna jest na Pomorzu. Dzieci od najm\u0142odszych lat skazane s\u0105 na noszenie protez, co jednak prowadzi do ekstremalnego zaniku ko\u015bci i deformacji ko\u015bci szcz\u0119k, zar\u00f3wno w obszarze funkcjonalnym, jak i estetycznym jamy ustnej. Pog\u0142\u0119bia to jeszcze bardziej dysfunkcj\u0119 narz\u0105du \u017cucia. Doprowadza te\u017c do wielu problem\u00f3w psychicznych zwi\u0105zanych z ograniczeniem kontakt\u00f3w z r\u00f3wie\u015bnikami, alienacj\u0119, frustracj\u0119, utrat\u0119 wiary w siebie oraz poczucie ma\u0142ej warto\u015bci.<\/p>\n<p style=\"text-align: justify;\">Wczesne podj\u0119cie leczenia tej niezwykle uci\u0105\u017cliwej choroby, wymaga udzia\u0142u specjalist\u00f3w z wielu dziedzin stomatologii, obejmuje rekonstrukcj\u0119 ko\u015bci i kompletn\u0105 odbudow\u0119 brakuj\u0105cego uz\u0119bienia oraz pe\u0142ne przywr\u00f3cenie prawid\u0142owej funkcji i estetyki narz\u0105du \u017cucia. Dzi\u0119ki naszej profesjonalnej pomocy, podopieczni powr\u00f3c\u0105 do pe\u0142nej sprawno\u015bci fizycznej oraz, o czym cz\u0119sto zapominamy, psychicznej. U progu doros\u0142o\u015bci dajemy m\u0142odym ludziom szans\u0119 na zdrowie i u\u015bmiech na dalsze \u017cycie.\u00a0Odzyskaj\u0105 pewno\u015b\u0107 siebie, b\u0119d\u0105 mogli rozpocz\u0105\u0107 doros\u0142e \u017cycie z pi\u0119knym u\u015bmiechem. Mo\u017cemy im w tym pom\u00f3c! Razem!<\/p>\n<p style=\"text-align: justify;\">Koszty leczenia jednego podopiecznego wynosz\u0105 oko\u0142o 100 tysi\u0119cy z\u0142otych, co wynika z konieczno\u015bci zastosowania najnowocze\u015bniejszych rozwi\u0105za\u0144 terapeutycznych, w tym przeszczepu kom\u00f3rek macierzystych, kt\u00f3r\u0105 to technologi\u0119 Klinika Vivadental stosuje jako jedna z nielicznych na \u015bwiecie, a w polskiej stomatologii jest jej prekursorem. Koszty te nie s\u0105 w \u017caden spos\u00f3b refundowane,\u00a0 dlatego tak wa\u017cne jest zorganizowanie wydarzenia filantropijnego \u0142\u0105cz\u0105cego ludzi dobrej woli i dobr\u0105 zabaw\u0119.<\/p>\n<p style=\"text-align: justify;\">Organizuj\u0105c Bal Charytatywny \u201eZ u\u015bmiechem w \u017bycie\u201d Fundacja dla Dzieci Vivadental razem z Pa\u0144stwem rozwija pomorsk\u0105 kultur\u0119 filantropii. \u00a0Z u\u015bmiechem, rado\u015bci\u0105 i optymizmem, jednym g\u0142osem m\u00f3wimy podopiecznym Fundacji \u201eJeste\u015bmy z Wami\u201d!<\/p>\n<p style=\"text-align: justify;\">Czekamy na Pa\u0144stwa 18 listopada 2017 r., o godz. 20.00, w Europejskim Centrum Solidarno\u015bci.<\/p>\n<p style=\"text-align: justify;\">Kontakt: <a href=\"mailto:fundacja@vivadental.org.pl\">fundacja@vivadental.org.pl<\/a>, <a href=\"mailto:j.lesniewska@fundacja.vivadental.org.pl\">j.lesniewska@fundacja.vivadental.org.pl<\/a><\/p>\n","protected":false},"excerpt":{"rendered":"<p>Serdecznie Pa\u0144stwa zapraszamy 18 listopada 2017 roku na Drugi Bal Charytatywny Fundacji dla Dzieci Vivadental \u00a0\u201eZ U\u015bmiechem w \u017bycie\u201d.\u00a0\u0141\u0105cz\u0105c dobr\u0105 zabaw\u0119 z filantropi\u0105, mamy nadziej\u0119, przy Pa\u0144stwa wsp\u00f3\u0142udziale, zapewni\u0107 sfinansowanie kompleksowego leczenia naszych podopiecznych, w tym najm\u0142odszych mieszka\u0144c\u00f3w\u00a0pomorskich dom\u00f3w dziecka oraz kolejnych pacjent\u00f3w naszej Fundacji cierpi\u0105cych na rzadk\u0105 chorob\u0119 genetyczn\u0105 \u2013 oligodoncj\u0119.\u00a0Na Balu przedstawimy Pa\u0144stwu &#8230; <a title=\"Witamy na stronie Drugiego Balu Charytatywnego Fundacji dla Dzieci Vivadental.\" class=\"read-more\" href=\"https:\/\/bal.vivadental.pl\/2017\/bal-2017\/\" aria-label=\"More on Witamy na stronie Drugiego Balu Charytatywnego Fundacji dla Dzieci Vivadental.\">Read more<\/a><\/p>\n","protected":false},"author":1,"featured_media":0,"parent":0,"menu_order":0,"comment_status":"closed","ping_status":"closed","template":"","meta":{"_editorskit_title_hidden":false,"_editorskit_reading_time":0,"_editorskit_typography_data":[],"_editorskit_blocks_typography":"","_editorskit_is_block_options_detached":false,"_editorskit_block_options_position":"{}","_monsterinsights_skip_tracking":false,"_monsterinsights_sitenote_active":false,"_monsterinsights_sitenote_note":"","_monsterinsights_sitenote_category":0},"yoast_head":"<!-- This site is optimized with the Yoast SEO plugin v19.2 - https:\/\/yoast.com\/wordpress\/plugins\/seo\/ -->\n<title>Witamy na stronie Drugiego Balu Charytatywnego Fundacji dla Dzieci Vivadental. - Bal Vivadental - rok 2017<\/title>\n<meta name=\"robots\" content=\"index, follow, max-snippet:-1, max-image-preview:large, max-video-preview:-1\" \/>\n<link rel=\"canonical\" href=\"https:\/\/bal.vivadental.pl\/2017\/bal-2017\/\" \/>\n<meta property=\"og:locale\" content=\"pl_PL\" \/>\n<meta property=\"og:type\" content=\"article\" \/>\n<meta property=\"og:title\" content=\"Witamy na stronie Drugiego Balu Charytatywnego Fundacji dla Dzieci Vivadental. - Bal Vivadental - rok 2017\" \/>\n<meta property=\"og:description\" content=\"Serdecznie Pa\u0144stwa zapraszamy 18 listopada 2017 roku na Drugi Bal Charytatywny Fundacji dla Dzieci Vivadental \u00a0\u201eZ U\u015bmiechem w \u017bycie\u201d.\u00a0\u0141\u0105cz\u0105c dobr\u0105 zabaw\u0119 z filantropi\u0105, mamy nadziej\u0119, przy Pa\u0144stwa wsp\u00f3\u0142udziale, zapewni\u0107 sfinansowanie kompleksowego leczenia naszych podopiecznych, w tym najm\u0142odszych mieszka\u0144c\u00f3w\u00a0pomorskich dom\u00f3w dziecka oraz kolejnych pacjent\u00f3w naszej Fundacji cierpi\u0105cych na rzadk\u0105 chorob\u0119 genetyczn\u0105 \u2013 oligodoncj\u0119.\u00a0Na Balu przedstawimy Pa\u0144stwu ... Read more\" \/>\n<meta property=\"og:url\" content=\"https:\/\/bal.vivadental.pl\/2017\/bal-2017\/\" \/>\n<meta property=\"og:site_name\" content=\"Bal Vivadental - rok 2017\" \/>\n<meta name=\"author\" content=\"Jaros\u0142aw Szycik\" \/>\n<meta name=\"twitter:card\" content=\"summary_large_image\" \/>\n<meta name=\"twitter:label1\" content=\"Szacowany czas czytania\" \/>\n\t<meta name=\"twitter:data1\" content=\"3 minuty\" \/>\n<script type=\"application\/ld+json\" class=\"yoast-schema-graph\">{\"@context\":\"https:\/\/schema.org\",\"@graph\":[{\"@type\":\"WebSite\",\"@id\":\"https:\/\/bal.vivadental.pl\/2017\/#website\",\"url\":\"https:\/\/bal.vivadental.pl\/2017\/\",\"name\":\"Bal Vivadental - rok 2017\",\"description\":\"Bal Vivadental - rok 2017\",\"potentialAction\":[{\"@type\":\"SearchAction\",\"target\":{\"@type\":\"EntryPoint\",\"urlTemplate\":\"https:\/\/bal.vivadental.pl\/2017\/?s={search_term_string}\"},\"query-input\":\"required name=search_term_string\"}],\"inLanguage\":\"pl-PL\"},{\"@type\":\"WebPage\",\"@id\":\"https:\/\/bal.vivadental.pl\/2017\/bal-2017\/#webpage\",\"url\":\"https:\/\/bal.vivadental.pl\/2017\/bal-2017\/\",\"name\":\"Witamy na stronie Drugiego Balu Charytatywnego Fundacji dla Dzieci Vivadental. - Bal Vivadental - rok 2017\",\"isPartOf\":{\"@id\":\"https:\/\/bal.vivadental.pl\/2017\/#website\"},\"datePublished\":\"2017-08-21T10:23:30+00:00\",\"dateModified\":\"2017-08-21T10:23:30+00:00\",\"breadcrumb\":{\"@id\":\"https:\/\/bal.vivadental.pl\/2017\/bal-2017\/#breadcrumb\"},\"inLanguage\":\"pl-PL\",\"potentialAction\":[{\"@type\":\"ReadAction\",\"target\":[\"https:\/\/bal.vivadental.pl\/2017\/bal-2017\/\"]}]},{\"@type\":\"BreadcrumbList\",\"@id\":\"https:\/\/bal.vivadental.pl\/2017\/bal-2017\/#breadcrumb\",\"itemListElement\":[{\"@type\":\"ListItem\",\"position\":1,\"name\":\"Strona g\u0142\u00f3wna\",\"item\":\"https:\/\/bal.vivadental.pl\/2017\/\"},{\"@type\":\"ListItem\",\"position\":2,\"name\":\"Witamy na stronie Drugiego Balu Charytatywnego Fundacji dla Dzieci Vivadental.\"}]}]}<\/script>\n<!-- \/ Yoast SEO plugin. -->","yoast_head_json":{"title":"Witamy na stronie Drugiego Balu Charytatywnego Fundacji dla Dzieci Vivadental. - Bal Vivadental - rok 2017","robots":{"index":"index","follow":"follow","max-snippet":"max-snippet:-1","max-image-preview":"max-image-preview:large","max-video-preview":"max-video-preview:-1"},"canonical":"https:\/\/bal.vivadental.pl\/2017\/bal-2017\/","og_locale":"pl_PL","og_type":"article","og_title":"Witamy na stronie Drugiego Balu Charytatywnego Fundacji dla Dzieci Vivadental. - Bal Vivadental - rok 2017","og_description":"Serdecznie Pa\u0144stwa zapraszamy 18 listopada 2017 roku na Drugi Bal Charytatywny Fundacji dla Dzieci Vivadental \u00a0\u201eZ U\u015bmiechem w \u017bycie\u201d.\u00a0\u0141\u0105cz\u0105c dobr\u0105 zabaw\u0119 z filantropi\u0105, mamy nadziej\u0119, przy Pa\u0144stwa wsp\u00f3\u0142udziale, zapewni\u0107 sfinansowanie kompleksowego leczenia naszych podopiecznych, w tym najm\u0142odszych mieszka\u0144c\u00f3w\u00a0pomorskich dom\u00f3w dziecka oraz kolejnych pacjent\u00f3w naszej Fundacji cierpi\u0105cych na rzadk\u0105 chorob\u0119 genetyczn\u0105 \u2013 oligodoncj\u0119.\u00a0Na Balu przedstawimy Pa\u0144stwu ... Read more","og_url":"https:\/\/bal.vivadental.pl\/2017\/bal-2017\/","og_site_name":"Bal Vivadental - rok 2017","author":"Jaros\u0142aw Szycik","twitter_card":"summary_large_image","twitter_misc":{"Szacowany czas czytania":"3 minuty"},"schema":{"@context":"https:\/\/schema.org","@graph":[{"@type":"WebSite","@id":"https:\/\/bal.vivadental.pl\/2017\/#website","url":"https:\/\/bal.vivadental.pl\/2017\/","name":"Bal Vivadental - rok 2017","description":"Bal Vivadental - rok 2017","potentialAction":[{"@type":"SearchAction","target":{"@type":"EntryPoint","urlTemplate":"https:\/\/bal.vivadental.pl\/2017\/?s={search_term_string}"},"query-input":"required name=search_term_string"}],"inLanguage":"pl-PL"},{"@type":"WebPage","@id":"https:\/\/bal.vivadental.pl\/2017\/bal-2017\/#webpage","url":"https:\/\/bal.vivadental.pl\/2017\/bal-2017\/","name":"Witamy na stronie Drugiego Balu Charytatywnego Fundacji dla Dzieci Vivadental. - Bal Vivadental - rok 2017","isPartOf":{"@id":"https:\/\/bal.vivadental.pl\/2017\/#website"},"datePublished":"2017-08-21T10:23:30+00:00","dateModified":"2017-08-21T10:23:30+00:00","breadcrumb":{"@id":"https:\/\/bal.vivadental.pl\/2017\/bal-2017\/#breadcrumb"},"inLanguage":"pl-PL","potentialAction":[{"@type":"ReadAction","target":["https:\/\/bal.vivadental.pl\/2017\/bal-2017\/"]}]},{"@type":"BreadcrumbList","@id":"https:\/\/bal.vivadental.pl\/2017\/bal-2017\/#breadcrumb","itemListElement":[{"@type":"ListItem","position":1,"name":"Strona g\u0142\u00f3wna","item":"https:\/\/bal.vivadental.pl\/2017\/"},{"@type":"ListItem","position":2,"name":"Witamy na stronie Drugiego Balu Charytatywnego Fundacji dla Dzieci Vivadental."}]}]}},"_links":{"self":[{"href":"https:\/\/bal.vivadental.pl\/2017\/wp-json\/wp\/v2\/pages\/19"}],"collection":[{"href":"https:\/\/bal.vivadental.pl\/2017\/wp-json\/wp\/v2\/pages"}],"about":[{"href":"https:\/\/bal.vivadental.pl\/2017\/wp-json\/wp\/v2\/types\/page"}],"author":[{"embeddable":true,"href":"https:\/\/bal.vivadental.pl\/2017\/wp-json\/wp\/v2\/users\/1"}],"replies":[{"embeddable":true,"href":"https:\/\/bal.vivadental.pl\/2017\/wp-json\/wp\/v2\/comments?post=19"}],"version-history":[{"count":0,"href":"https:\/\/bal.vivadental.pl\/2017\/wp-json\/wp\/v2\/pages\/19\/revisions"}],"wp:attachment":[{"href":"https:\/\/bal.vivadental.pl\/2017\/wp-json\/wp\/v2\/media?parent=19"}],"curies":[{"name":"wp","href":"https:\/\/api.w.org\/{rel}","templated":true}]}}