{"id":15,"date":"2017-11-24T10:36:49","date_gmt":"2017-11-24T09:36:49","guid":{"rendered":"http:\/\/vivatv.webd.pl\/bal\/?page_id=1680"},"modified":"2017-11-24T10:36:49","modified_gmt":"2017-11-24T09:36:49","slug":"reportaz-2017","status":"publish","type":"page","link":"https:\/\/bal.vivadental.pl\/2017\/reportaz-2017\/","title":{"rendered":"Reporta\u017c"},"content":{"rendered":"<h2>Reporta\u017c z Balu Charytatywnego Vivadental 2017<\/h2>\n<h1 style=\"text-align: justify;\">Aukcja \u2013 118.680 z\u0142otych dla naszych Podopiecznych!<\/h1>\n<p style=\"text-align: justify;\">Drugi Bal Charytatywny Fundacji dla dzieci Vivadental\u00a0\u2013\u00a0Z U\u015bmiechem w\u00a0\u017bycie, zgromadzi\u0142 w\u00a0sobotni wiecz\u00f3r 18 listopada 2017 roku, ponad 200 Przyjaci\u00f3\u0142 Fundacji, kt\u00f3rzy\u00a0przybyli do\u00a0Europejskiego Centrum Solidarno\u015bci\u00a0 w\u00a0jednym celu, aby przy dobrej zabawie pom\u00f3c podopiecznym Fundacji.<\/p>\n<p><img decoding=\"async\" loading=\"lazy\" class=\"alignnone size-medium wp-image-1646\" src=\"http:\/\/vivatv.webd.pl\/bal\/wp-content\/uploads\/2017\/11\/bal-2017-128-500x333.jpg\" alt=\"\" width=\"500\" height=\"333\" srcset=\"https:\/\/bal.vivadental.pl\/2017\/wp-content\/uploads\/2017\/11\/bal-2017-128-500x333.jpg 500w, https:\/\/bal.vivadental.pl\/2017\/wp-content\/uploads\/2017\/11\/bal-2017-128-768x512.jpg 768w, https:\/\/bal.vivadental.pl\/2017\/wp-content\/uploads\/2017\/11\/bal-2017-128-1024x682.jpg 1024w, https:\/\/bal.vivadental.pl\/2017\/wp-content\/uploads\/2017\/11\/bal-2017-128.jpg 1280w\" sizes=\"(max-width: 500px) 100vw, 500px\" \/>\u00a0\u00a0<img decoding=\"async\" loading=\"lazy\" class=\"alignnone size-medium wp-image-1634\" src=\"http:\/\/vivatv.webd.pl\/bal\/wp-content\/uploads\/2017\/11\/bal-2017-116-500x333.jpg\" alt=\"\" width=\"500\" height=\"333\" srcset=\"https:\/\/bal.vivadental.pl\/2017\/wp-content\/uploads\/2017\/11\/bal-2017-116-500x333.jpg 500w, https:\/\/bal.vivadental.pl\/2017\/wp-content\/uploads\/2017\/11\/bal-2017-116-768x512.jpg 768w, https:\/\/bal.vivadental.pl\/2017\/wp-content\/uploads\/2017\/11\/bal-2017-116-1024x682.jpg 1024w, https:\/\/bal.vivadental.pl\/2017\/wp-content\/uploads\/2017\/11\/bal-2017-116.jpg 1280w\" sizes=\"(max-width: 500px) 100vw, 500px\" \/><img decoding=\"async\" loading=\"lazy\" class=\"alignnone size-medium wp-image-1618\" src=\"http:\/\/vivatv.webd.pl\/bal\/wp-content\/uploads\/2017\/11\/bal-2017-100-500x333.jpg\" alt=\"\" width=\"500\" height=\"333\" srcset=\"https:\/\/bal.vivadental.pl\/2017\/wp-content\/uploads\/2017\/11\/bal-2017-100-500x333.jpg 500w, https:\/\/bal.vivadental.pl\/2017\/wp-content\/uploads\/2017\/11\/bal-2017-100-768x512.jpg 768w, https:\/\/bal.vivadental.pl\/2017\/wp-content\/uploads\/2017\/11\/bal-2017-100-1024x682.jpg 1024w, https:\/\/bal.vivadental.pl\/2017\/wp-content\/uploads\/2017\/11\/bal-2017-100.jpg 1280w\" sizes=\"(max-width: 500px) 100vw, 500px\" \/>\u00a0\u00a0<img decoding=\"async\" loading=\"lazy\" class=\"alignnone size-medium wp-image-1617\" src=\"http:\/\/vivatv.webd.pl\/bal\/wp-content\/uploads\/2017\/11\/bal-2017-099-500x334.jpg\" alt=\"\" width=\"500\" height=\"334\" srcset=\"https:\/\/bal.vivadental.pl\/2017\/wp-content\/uploads\/2017\/11\/bal-2017-099-500x334.jpg 500w, https:\/\/bal.vivadental.pl\/2017\/wp-content\/uploads\/2017\/11\/bal-2017-099-768x512.jpg 768w, https:\/\/bal.vivadental.pl\/2017\/wp-content\/uploads\/2017\/11\/bal-2017-099-1024x683.jpg 1024w, https:\/\/bal.vivadental.pl\/2017\/wp-content\/uploads\/2017\/11\/bal-2017-099.jpg 1280w\" sizes=\"(max-width: 500px) 100vw, 500px\" \/><\/p>\n<p style=\"text-align: justify;\">W\u015br\u00f3d nich wielu znanych i lubianych przedstawicieli polityki, dyplomacji, biznesu, nauki, kultury i sztuki oraz sportu i medi\u00f3w, a tak\u017ce Wolontariuszy Fundacji<\/p>\n<p><img decoding=\"async\" loading=\"lazy\" class=\"alignnone size-medium wp-image-1624\" src=\"http:\/\/vivatv.webd.pl\/bal\/wp-content\/uploads\/2017\/11\/bal-2017-106-500x333.jpg\" alt=\"\" width=\"500\" height=\"333\" srcset=\"https:\/\/bal.vivadental.pl\/2017\/wp-content\/uploads\/2017\/11\/bal-2017-106-500x333.jpg 500w, https:\/\/bal.vivadental.pl\/2017\/wp-content\/uploads\/2017\/11\/bal-2017-106-768x512.jpg 768w, https:\/\/bal.vivadental.pl\/2017\/wp-content\/uploads\/2017\/11\/bal-2017-106-1024x682.jpg 1024w, https:\/\/bal.vivadental.pl\/2017\/wp-content\/uploads\/2017\/11\/bal-2017-106.jpg 1280w\" sizes=\"(max-width: 500px) 100vw, 500px\" \/>\u00a0\u00a0<img decoding=\"async\" loading=\"lazy\" class=\"alignnone size-medium wp-image-1616\" src=\"http:\/\/vivatv.webd.pl\/bal\/wp-content\/uploads\/2017\/11\/bal-2017-098-500x333.jpg\" alt=\"\" width=\"500\" height=\"333\" srcset=\"https:\/\/bal.vivadental.pl\/2017\/wp-content\/uploads\/2017\/11\/bal-2017-098-500x333.jpg 500w, https:\/\/bal.vivadental.pl\/2017\/wp-content\/uploads\/2017\/11\/bal-2017-098-768x512.jpg 768w, https:\/\/bal.vivadental.pl\/2017\/wp-content\/uploads\/2017\/11\/bal-2017-098-1024x682.jpg 1024w, https:\/\/bal.vivadental.pl\/2017\/wp-content\/uploads\/2017\/11\/bal-2017-098.jpg 1280w\" sizes=\"(max-width: 500px) 100vw, 500px\" \/><img decoding=\"async\" loading=\"lazy\" class=\"alignnone size-medium wp-image-1642\" src=\"http:\/\/vivatv.webd.pl\/bal\/wp-content\/uploads\/2017\/11\/bal-2017-124-500x333.jpg\" alt=\"\" width=\"500\" height=\"333\" srcset=\"https:\/\/bal.vivadental.pl\/2017\/wp-content\/uploads\/2017\/11\/bal-2017-124-500x333.jpg 500w, https:\/\/bal.vivadental.pl\/2017\/wp-content\/uploads\/2017\/11\/bal-2017-124-768x512.jpg 768w, https:\/\/bal.vivadental.pl\/2017\/wp-content\/uploads\/2017\/11\/bal-2017-124-1024x682.jpg 1024w, https:\/\/bal.vivadental.pl\/2017\/wp-content\/uploads\/2017\/11\/bal-2017-124.jpg 1280w\" sizes=\"(max-width: 500px) 100vw, 500px\" \/>\u00a0\u00a0<img decoding=\"async\" loading=\"lazy\" class=\"alignnone size-medium wp-image-1619\" src=\"http:\/\/vivatv.webd.pl\/bal\/wp-content\/uploads\/2017\/11\/bal-2017-101-500x333.jpg\" alt=\"\" width=\"500\" height=\"333\" srcset=\"https:\/\/bal.vivadental.pl\/2017\/wp-content\/uploads\/2017\/11\/bal-2017-101-500x333.jpg 500w, https:\/\/bal.vivadental.pl\/2017\/wp-content\/uploads\/2017\/11\/bal-2017-101-768x512.jpg 768w, https:\/\/bal.vivadental.pl\/2017\/wp-content\/uploads\/2017\/11\/bal-2017-101-1024x682.jpg 1024w, https:\/\/bal.vivadental.pl\/2017\/wp-content\/uploads\/2017\/11\/bal-2017-101.jpg 1280w\" sizes=\"(max-width: 500px) 100vw, 500px\" \/><\/p>\n<p style=\"text-align: justify;\">Tu\u017c po godzinie 20 Go\u015bci powita\u0142a para prowadz\u0105cych &#8211; Ma\u0142gorzata i Wojciech Tremiszewscy, kt\u00f3rzy w dalszej cz\u0119\u015bci wieczoru r\u00f3wnie elegancko, co brawurowo poprowadzili tak\u017ce aukcje. Bal zainaugurowa\u0142 film o dzia\u0142alno\u015bci Fundacji z muzyk\u0105 jednej z najpi\u0119kniejszych ballad rockowych \u201eSend me an Angel\u201d, kt\u00f3r\u0105 dzi\u0119ki Barbarze i Dariuszowi Michalczewskim udost\u0119pni\u0142 nam jego autor \u2013 Zesp\u00f3\u0142 SCORPIONS. To nie jedyny wyraz sympatii okazanej naszej Fundacji przez ten wspania\u0142y zesp\u00f3\u0142, kt\u00f3ry wyst\u0119puje ju\u017c 52!!! lata, a ju\u017c 1 grudnia wyst\u0105pi w Gda\u0144sku. To jednak sta\u0142o si\u0119 p\u00f3\u017aniej.<\/p>\n<p><img decoding=\"async\" loading=\"lazy\" class=\"alignnone size-medium wp-image-1663\" src=\"http:\/\/vivatv.webd.pl\/bal\/wp-content\/uploads\/2017\/11\/bal-2017-145-500x333.jpg\" alt=\"\" width=\"500\" height=\"333\" srcset=\"https:\/\/bal.vivadental.pl\/2017\/wp-content\/uploads\/2017\/11\/bal-2017-145-500x333.jpg 500w, https:\/\/bal.vivadental.pl\/2017\/wp-content\/uploads\/2017\/11\/bal-2017-145-768x512.jpg 768w, https:\/\/bal.vivadental.pl\/2017\/wp-content\/uploads\/2017\/11\/bal-2017-145-1024x682.jpg 1024w, https:\/\/bal.vivadental.pl\/2017\/wp-content\/uploads\/2017\/11\/bal-2017-145.jpg 1280w\" sizes=\"(max-width: 500px) 100vw, 500px\" \/>\u00a0\u00a0<img decoding=\"async\" loading=\"lazy\" class=\"alignnone size-medium wp-image-1666\" src=\"http:\/\/vivatv.webd.pl\/bal\/wp-content\/uploads\/2017\/11\/bal-2017-148-500x333.jpg\" alt=\"\" width=\"500\" height=\"333\" srcset=\"https:\/\/bal.vivadental.pl\/2017\/wp-content\/uploads\/2017\/11\/bal-2017-148-500x333.jpg 500w, https:\/\/bal.vivadental.pl\/2017\/wp-content\/uploads\/2017\/11\/bal-2017-148-768x512.jpg 768w, https:\/\/bal.vivadental.pl\/2017\/wp-content\/uploads\/2017\/11\/bal-2017-148-1024x682.jpg 1024w, https:\/\/bal.vivadental.pl\/2017\/wp-content\/uploads\/2017\/11\/bal-2017-148.jpg 1280w\" sizes=\"(max-width: 500px) 100vw, 500px\" \/><\/p>\n<p style=\"text-align: justify;\">Nast\u0119pnie gospodarze Wieczoru, Violetta i\u00a0Jaros\u0142aw Szycik, powitali Go\u015bci i przedstawili Fundacj\u0119 oraz\u00a0ide\u0119 jej powo\u0142ania. Podkre\u015blili ide\u0119 spo\u0142ecznej odpowiedzialno\u015bci biznesu i rol\u0119, jak\u0105 odgrywa w \u017cyciu ludzi potrzebuj\u0105cych pomocy we wsp\u00f3\u0142czesnym \u015bwiecie. Potwierdzi\u0142a to Pani Olga Witman \u2013 Prezes Zarz\u0105du Mercedes-Benz Witman, powszechnie znana z dzia\u0142alno\u015bci charytatywnej, G\u0142\u00f3wnego Sponsora Balu i Partnera Fundacji dla Dzieci Vivadental.<\/p>\n<p><img decoding=\"async\" loading=\"lazy\" class=\"alignnone size-medium wp-image-1620\" src=\"http:\/\/vivatv.webd.pl\/bal\/wp-content\/uploads\/2017\/11\/bal-2017-102-500x333.jpg\" alt=\"\" width=\"500\" height=\"333\" srcset=\"https:\/\/bal.vivadental.pl\/2017\/wp-content\/uploads\/2017\/11\/bal-2017-102-500x333.jpg 500w, https:\/\/bal.vivadental.pl\/2017\/wp-content\/uploads\/2017\/11\/bal-2017-102-768x512.jpg 768w, https:\/\/bal.vivadental.pl\/2017\/wp-content\/uploads\/2017\/11\/bal-2017-102-1024x682.jpg 1024w, https:\/\/bal.vivadental.pl\/2017\/wp-content\/uploads\/2017\/11\/bal-2017-102.jpg 1280w\" sizes=\"(max-width: 500px) 100vw, 500px\" \/>\u00a0\u00a0<img decoding=\"async\" loading=\"lazy\" class=\"alignnone size-medium wp-image-1525\" src=\"http:\/\/vivatv.webd.pl\/bal\/wp-content\/uploads\/2017\/11\/bal-2017-007-500x333.jpg\" alt=\"\" width=\"500\" height=\"333\" srcset=\"https:\/\/bal.vivadental.pl\/2017\/wp-content\/uploads\/2017\/11\/bal-2017-007-500x333.jpg 500w, https:\/\/bal.vivadental.pl\/2017\/wp-content\/uploads\/2017\/11\/bal-2017-007-768x512.jpg 768w, https:\/\/bal.vivadental.pl\/2017\/wp-content\/uploads\/2017\/11\/bal-2017-007-1024x682.jpg 1024w, https:\/\/bal.vivadental.pl\/2017\/wp-content\/uploads\/2017\/11\/bal-2017-007.jpg 1280w\" sizes=\"(max-width: 500px) 100vw, 500px\" \/><\/p>\n<p style=\"text-align: justify;\">W tak przyjemnej atmosferze zrozumienia Go\u015bcie z aplauzem przyj\u0119li kolejny film, prezentuj\u0105cy ma\u0142o znane w spo\u0142ecze\u0144stwie, a tak wa\u017ckie problemy os\u00f3b dotkni\u0119tych oligodoncj\u0105 oraz efekty zako\u0144czonego sukcesem wielomiesi\u0119cznego i wieloetapowego oraz niezwykle kosztownego leczenia trojga z nich. Oba filmy wzruszy\u0142y Go\u015bci ukazuj\u0105c zar\u00f3wno ogrom potrzeb, jak i mo\u017cliwo\u015bci pomocy i leczenia.<\/p>\n<p style=\"text-align: justify;\">Dalsz\u0105 cz\u0119\u015b\u0107 wieczoru przeplata\u0142a muzyka w\u00a0wykonaniu Bart\u0142omieja Szopi\u0144skiego oraz\u00a0licytacje prowadzone przez\u00a0Ma\u0142gorzat\u0119 i Wojciecha Tremiszewskich, kt\u00f3rzy\u00a0z niebywa\u0142\u0105 gracj\u0105 i lekko\u015bci\u0105, ale\u00a0jednocze\u015bnie wielk\u0105 wra\u017cliwo\u015bci\u0105 dopingowali do\u00a0licytowania. A\u00a0by\u0142o co licytowa\u0107. Aukcja rozpocz\u0119\u0142a si\u0119 jeszcze przed Balem, bowiem Przedsi\u0119biorstwo Hydro -Tech z Konina przekaza\u0142o kwot\u0119 5 tys. z\u0142otych za sprzedane przez siebie specjalistyczne urz\u0105dzenie \u2013 pomp\u0119 ciep\u0142a, kt\u00f3re zarazem stanowi\u0105 kompleksowe wyposa\u017cenie Europejskiego Centrum Solidarno\u015bci, w kt\u00f3rym odbywa\u0142 si\u0119 Bal. Wsp\u00f3\u0142w\u0142a\u015bciciel tej dobrze prosperuj\u0105cej firmy rodzinnej\u00a0Pan Bartosz Bigosi\u0144ski, da\u0142 nap\u0119d dalszej aukcji.<\/p>\n<p><img decoding=\"async\" loading=\"lazy\" class=\"alignnone size-medium wp-image-1545\" src=\"http:\/\/vivatv.webd.pl\/bal\/wp-content\/uploads\/2017\/11\/bal-2017-027-500x333.jpg\" alt=\"\" width=\"500\" height=\"333\" srcset=\"https:\/\/bal.vivadental.pl\/2017\/wp-content\/uploads\/2017\/11\/bal-2017-027-500x333.jpg 500w, https:\/\/bal.vivadental.pl\/2017\/wp-content\/uploads\/2017\/11\/bal-2017-027-768x512.jpg 768w, https:\/\/bal.vivadental.pl\/2017\/wp-content\/uploads\/2017\/11\/bal-2017-027-1024x682.jpg 1024w, https:\/\/bal.vivadental.pl\/2017\/wp-content\/uploads\/2017\/11\/bal-2017-027.jpg 1280w\" sizes=\"(max-width: 500px) 100vw, 500px\" \/>\u00a0\u00a0<img decoding=\"async\" loading=\"lazy\" class=\"alignnone size-medium wp-image-1626\" src=\"http:\/\/vivatv.webd.pl\/bal\/wp-content\/uploads\/2017\/11\/bal-2017-108-500x333.jpg\" alt=\"\" width=\"500\" height=\"333\" srcset=\"https:\/\/bal.vivadental.pl\/2017\/wp-content\/uploads\/2017\/11\/bal-2017-108-500x333.jpg 500w, https:\/\/bal.vivadental.pl\/2017\/wp-content\/uploads\/2017\/11\/bal-2017-108-768x512.jpg 768w, https:\/\/bal.vivadental.pl\/2017\/wp-content\/uploads\/2017\/11\/bal-2017-108-1024x682.jpg 1024w, https:\/\/bal.vivadental.pl\/2017\/wp-content\/uploads\/2017\/11\/bal-2017-108.jpg 1280w\" sizes=\"(max-width: 500px) 100vw, 500px\" \/><\/p>\n<p style=\"text-align: justify;\">Pod m\u0142otek posz\u0142y same rarytasy. Najpierw koszulka reprezentacji\u00a0 Niemiec &#8211; p\u00f3\u0142finalist\u00f3w w Euro 2012, z autografami pi\u0142karzy, podarowana przez znan\u0105 gda\u0144sk\u0105 Pracowni\u0119 Krawieck\u0105 Jaros\u0142awa Konaszewskiego, kt\u00f3ry onegdaj ubiera\u0142 niemieckich pi\u0142karzy; wylicytowa\u0142 Pan Wojciech Jaworski za kwot\u0119 11 tys. z\u0142otych. To jeden z wielu sportowych akcent\u00f3w tego Wieczoru, a zarazem aktywno\u015bci w licytowaniu naszego najwi\u0119kszego Filantropa, kt\u00f3ry na ubieg\u0142orocznym Balu wraz z Panem Piotrem Leleniem, zosta\u0142 zwyci\u0119zc\u0105 rekordowej licytacji koszulki Gda\u0144skiej Lechii \/26 tys. z\u0142otych\/.<\/p>\n<p><img decoding=\"async\" loading=\"lazy\" class=\"alignnone size-medium wp-image-1613\" src=\"http:\/\/vivatv.webd.pl\/bal\/wp-content\/uploads\/2017\/11\/bal-2017-095-500x333.jpg\" alt=\"\" width=\"500\" height=\"333\" srcset=\"https:\/\/bal.vivadental.pl\/2017\/wp-content\/uploads\/2017\/11\/bal-2017-095-500x333.jpg 500w, https:\/\/bal.vivadental.pl\/2017\/wp-content\/uploads\/2017\/11\/bal-2017-095-768x512.jpg 768w, https:\/\/bal.vivadental.pl\/2017\/wp-content\/uploads\/2017\/11\/bal-2017-095-1024x682.jpg 1024w, https:\/\/bal.vivadental.pl\/2017\/wp-content\/uploads\/2017\/11\/bal-2017-095.jpg 1280w\" sizes=\"(max-width: 500px) 100vw, 500px\" \/>\u00a0\u00a0<img decoding=\"async\" loading=\"lazy\" class=\"alignnone size-medium wp-image-1547\" src=\"http:\/\/vivatv.webd.pl\/bal\/wp-content\/uploads\/2017\/11\/bal-2017-029-500x333.jpg\" alt=\"\" width=\"500\" height=\"333\" srcset=\"https:\/\/bal.vivadental.pl\/2017\/wp-content\/uploads\/2017\/11\/bal-2017-029-500x333.jpg 500w, https:\/\/bal.vivadental.pl\/2017\/wp-content\/uploads\/2017\/11\/bal-2017-029-768x512.jpg 768w, https:\/\/bal.vivadental.pl\/2017\/wp-content\/uploads\/2017\/11\/bal-2017-029-1024x682.jpg 1024w, https:\/\/bal.vivadental.pl\/2017\/wp-content\/uploads\/2017\/11\/bal-2017-029.jpg 1280w\" sizes=\"(max-width: 500px) 100vw, 500px\" \/><img decoding=\"async\" loading=\"lazy\" class=\"alignnone size-medium wp-image-1572\" src=\"http:\/\/vivatv.webd.pl\/bal\/wp-content\/uploads\/2017\/11\/bal-2017-054-500x333.jpg\" alt=\"\" width=\"500\" height=\"333\" srcset=\"https:\/\/bal.vivadental.pl\/2017\/wp-content\/uploads\/2017\/11\/bal-2017-054-500x333.jpg 500w, https:\/\/bal.vivadental.pl\/2017\/wp-content\/uploads\/2017\/11\/bal-2017-054-768x512.jpg 768w, https:\/\/bal.vivadental.pl\/2017\/wp-content\/uploads\/2017\/11\/bal-2017-054-1024x682.jpg 1024w, https:\/\/bal.vivadental.pl\/2017\/wp-content\/uploads\/2017\/11\/bal-2017-054.jpg 1280w\" sizes=\"(max-width: 500px) 100vw, 500px\" \/>\u00a0\u00a0<img decoding=\"async\" loading=\"lazy\" class=\"alignnone size-medium wp-image-1552\" src=\"http:\/\/vivatv.webd.pl\/bal\/wp-content\/uploads\/2017\/11\/bal-2017-034-500x333.jpg\" alt=\"\" width=\"500\" height=\"333\" srcset=\"https:\/\/bal.vivadental.pl\/2017\/wp-content\/uploads\/2017\/11\/bal-2017-034-500x333.jpg 500w, https:\/\/bal.vivadental.pl\/2017\/wp-content\/uploads\/2017\/11\/bal-2017-034-768x512.jpg 768w, https:\/\/bal.vivadental.pl\/2017\/wp-content\/uploads\/2017\/11\/bal-2017-034-1024x682.jpg 1024w, https:\/\/bal.vivadental.pl\/2017\/wp-content\/uploads\/2017\/11\/bal-2017-034.jpg 1280w\" sizes=\"(max-width: 500px) 100vw, 500px\" \/><\/p>\n<p style=\"text-align: justify;\">Zaraz potem Pan Mariusz Grz\u0119da wylicytowa\u0142 zdj\u0119cie Lecha Wa\u0142\u0119sy z pami\u0119tnego meczu Lechia Gda\u0144sk\u2013Juventus Turyn z roku 1983, autorstwa nieod\u017ca\u0142owanego Zbigniewa Kosycarza, kt\u00f3rego fotograficzn\u0105 i fotoreportersk\u0105 drog\u0119 kontynuuje syn, Pan Maciej Kosycarz, nasz Przyjaciel, sympatyk i darczy\u0144ca, kt\u00f3ry zarazem poprowadzi\u0142 jej licytacj\u0119.\u00a0 Kwota 4,5 tys. z\u0142otych. Pan Mariusz dorzuci\u0142 do tego za 2 tys. z\u0142otych koszulk\u0119 i buty naszego by\u0142ego 96-krotnego reprezentanta Polski Jacka Krzyn\u00f3wka, kt\u00f3re na aukcj\u0119 przekaza\u0142 znany gda\u0144ski trener pi\u0142karski Pan Bogus\u0142aw BOBO Kaczmarek.<\/p>\n<p><img decoding=\"async\" loading=\"lazy\" class=\"alignnone size-medium wp-image-1553\" src=\"http:\/\/vivatv.webd.pl\/bal\/wp-content\/uploads\/2017\/11\/bal-2017-035-500x333.jpg\" alt=\"\" width=\"500\" height=\"333\" srcset=\"https:\/\/bal.vivadental.pl\/2017\/wp-content\/uploads\/2017\/11\/bal-2017-035-500x333.jpg 500w, https:\/\/bal.vivadental.pl\/2017\/wp-content\/uploads\/2017\/11\/bal-2017-035-768x512.jpg 768w, https:\/\/bal.vivadental.pl\/2017\/wp-content\/uploads\/2017\/11\/bal-2017-035-1024x682.jpg 1024w, https:\/\/bal.vivadental.pl\/2017\/wp-content\/uploads\/2017\/11\/bal-2017-035.jpg 1280w\" sizes=\"(max-width: 500px) 100vw, 500px\" \/>\u00a0\u00a0<img decoding=\"async\" loading=\"lazy\" class=\"alignnone size-medium wp-image-1554\" src=\"http:\/\/vivatv.webd.pl\/bal\/wp-content\/uploads\/2017\/11\/bal-2017-036-500x333.jpg\" alt=\"\" width=\"500\" height=\"333\" srcset=\"https:\/\/bal.vivadental.pl\/2017\/wp-content\/uploads\/2017\/11\/bal-2017-036-500x333.jpg 500w, https:\/\/bal.vivadental.pl\/2017\/wp-content\/uploads\/2017\/11\/bal-2017-036-768x512.jpg 768w, https:\/\/bal.vivadental.pl\/2017\/wp-content\/uploads\/2017\/11\/bal-2017-036-1024x682.jpg 1024w, https:\/\/bal.vivadental.pl\/2017\/wp-content\/uploads\/2017\/11\/bal-2017-036.jpg 1280w\" sizes=\"(max-width: 500px) 100vw, 500px\" \/><img decoding=\"async\" loading=\"lazy\" class=\"alignnone size-medium wp-image-1556\" src=\"http:\/\/vivatv.webd.pl\/bal\/wp-content\/uploads\/2017\/11\/bal-2017-038-500x333.jpg\" alt=\"\" width=\"500\" height=\"333\" srcset=\"https:\/\/bal.vivadental.pl\/2017\/wp-content\/uploads\/2017\/11\/bal-2017-038-500x333.jpg 500w, https:\/\/bal.vivadental.pl\/2017\/wp-content\/uploads\/2017\/11\/bal-2017-038-768x512.jpg 768w, https:\/\/bal.vivadental.pl\/2017\/wp-content\/uploads\/2017\/11\/bal-2017-038-1024x682.jpg 1024w, https:\/\/bal.vivadental.pl\/2017\/wp-content\/uploads\/2017\/11\/bal-2017-038.jpg 1280w\" sizes=\"(max-width: 500px) 100vw, 500px\" \/>\u00a0\u00a0<img decoding=\"async\" loading=\"lazy\" class=\"alignnone size-medium wp-image-1556\" src=\"http:\/\/vivatv.webd.pl\/bal\/wp-content\/uploads\/2017\/11\/bal-2017-038-500x333.jpg\" alt=\"\" width=\"500\" height=\"333\" srcset=\"https:\/\/bal.vivadental.pl\/2017\/wp-content\/uploads\/2017\/11\/bal-2017-038-500x333.jpg 500w, https:\/\/bal.vivadental.pl\/2017\/wp-content\/uploads\/2017\/11\/bal-2017-038-768x512.jpg 768w, https:\/\/bal.vivadental.pl\/2017\/wp-content\/uploads\/2017\/11\/bal-2017-038-1024x682.jpg 1024w, https:\/\/bal.vivadental.pl\/2017\/wp-content\/uploads\/2017\/11\/bal-2017-038.jpg 1280w\" sizes=\"(max-width: 500px) 100vw, 500px\" \/><\/p>\n<p style=\"text-align: justify;\">\u2026I przyszed\u0142 czas na sztuk\u0119. Najpierw Inkografia &#8222;Manhattan Resurrection&#8221; \/z certyfikatem I z XX\/ Rafa\u0142a Olbi\u0144skiego, kt\u00f3r\u0105 za kwot\u0119 4 tys. z\u0142otych wylicytowa\u0142a Pani Monika Andrzejczyk-Waszut.<\/p>\n<p><img decoding=\"async\" loading=\"lazy\" class=\"alignnone size-medium wp-image-1561\" src=\"http:\/\/vivatv.webd.pl\/bal\/wp-content\/uploads\/2017\/11\/bal-2017-043-500x333.jpg\" alt=\"\" width=\"500\" height=\"333\" srcset=\"https:\/\/bal.vivadental.pl\/2017\/wp-content\/uploads\/2017\/11\/bal-2017-043-500x333.jpg 500w, https:\/\/bal.vivadental.pl\/2017\/wp-content\/uploads\/2017\/11\/bal-2017-043-768x512.jpg 768w, https:\/\/bal.vivadental.pl\/2017\/wp-content\/uploads\/2017\/11\/bal-2017-043-1024x682.jpg 1024w, https:\/\/bal.vivadental.pl\/2017\/wp-content\/uploads\/2017\/11\/bal-2017-043.jpg 1280w\" sizes=\"(max-width: 500px) 100vw, 500px\" \/>\u00a0\u00a0<img decoding=\"async\" loading=\"lazy\" class=\"alignnone size-medium wp-image-1666\" src=\"http:\/\/vivatv.webd.pl\/bal\/wp-content\/uploads\/2017\/11\/bal-2017-148-500x333.jpg\" alt=\"\" width=\"500\" height=\"333\" srcset=\"https:\/\/bal.vivadental.pl\/2017\/wp-content\/uploads\/2017\/11\/bal-2017-148-500x333.jpg 500w, https:\/\/bal.vivadental.pl\/2017\/wp-content\/uploads\/2017\/11\/bal-2017-148-768x512.jpg 768w, https:\/\/bal.vivadental.pl\/2017\/wp-content\/uploads\/2017\/11\/bal-2017-148-1024x682.jpg 1024w, https:\/\/bal.vivadental.pl\/2017\/wp-content\/uploads\/2017\/11\/bal-2017-148.jpg 1280w\" sizes=\"(max-width: 500px) 100vw, 500px\" \/><\/p>\n<p style=\"text-align: justify;\">W drugiej aukcji Pani Monika do tego pi\u0119knego dzie\u0142a do\u0142\u0105czy\u0142a Album z dedykacj\u0105 Andrzeja Mleczki przekazany przez autora za 1.36 tys. z\u0142otych oraz kolejny hit \u2013 pi\u0142k\u0119 z autografem Roda Stewarta za 10 tys. z\u0142otych, co \u0142\u0105cznie daje kwot\u0119 15.360 z\u0142otych na rzecz naszych podopiecznych.\u00a0Nasza Fundatorka na by\u0142a ubieg\u0142orocznym Balu pokaza\u0142a nam najpi\u0119kniejszy u\u015bmiech, co mo\u017cemy wci\u0105\u017c podziwia\u0107 na zdj\u0119ciu z Arturem Si\u00f3dmiakiem i reprezentacyjn\u0105 koszulk\u0105 naszego szczypiornisty.<\/p>\n<p style=\"text-align: justify;\">Chwil\u0119 p\u00f3\u017aniej do grona naszych darczy\u0144c\u00f3w do\u0142\u0105czy\u0142 Pan Micha\u0142 Maciejewski, kt\u00f3ry za kwot\u0119 9 tys. z\u0142otych wylicytowa\u0142 niezwykle pi\u0119kn\u0105, inspiruj\u0105c\u0105 i okaza\u0142\u0105 prac\u0119 fotograficzn\u0105 \u201ePeeling Desert\u201d (2003) Ryszarda Horowitza.<\/p>\n<p><img decoding=\"async\" loading=\"lazy\" class=\"alignnone size-medium wp-image-1567\" src=\"http:\/\/vivatv.webd.pl\/bal\/wp-content\/uploads\/2017\/11\/bal-2017-049-500x333.jpg\" alt=\"\" width=\"500\" height=\"333\" srcset=\"https:\/\/bal.vivadental.pl\/2017\/wp-content\/uploads\/2017\/11\/bal-2017-049-500x333.jpg 500w, https:\/\/bal.vivadental.pl\/2017\/wp-content\/uploads\/2017\/11\/bal-2017-049-768x512.jpg 768w, https:\/\/bal.vivadental.pl\/2017\/wp-content\/uploads\/2017\/11\/bal-2017-049-1024x682.jpg 1024w, https:\/\/bal.vivadental.pl\/2017\/wp-content\/uploads\/2017\/11\/bal-2017-049.jpg 1280w\" sizes=\"(max-width: 500px) 100vw, 500px\" \/>\u00a0\u00a0<img decoding=\"async\" loading=\"lazy\" class=\"alignnone size-medium wp-image-1568\" src=\"http:\/\/vivatv.webd.pl\/bal\/wp-content\/uploads\/2017\/11\/bal-2017-050-500x334.jpg\" alt=\"\" width=\"500\" height=\"334\" srcset=\"https:\/\/bal.vivadental.pl\/2017\/wp-content\/uploads\/2017\/11\/bal-2017-050-500x334.jpg 500w, https:\/\/bal.vivadental.pl\/2017\/wp-content\/uploads\/2017\/11\/bal-2017-050-768x512.jpg 768w, https:\/\/bal.vivadental.pl\/2017\/wp-content\/uploads\/2017\/11\/bal-2017-050-1024x683.jpg 1024w, https:\/\/bal.vivadental.pl\/2017\/wp-content\/uploads\/2017\/11\/bal-2017-050.jpg 1280w\" sizes=\"(max-width: 500px) 100vw, 500px\" \/><\/p>\n<p style=\"text-align: justify;\">Nieustannie towarzyszy\u0142a nam wy\u015bmienita kuchnia i doskona\u0142a obs\u0142uga Restauracji Amber Side. Nie dziwi wi\u0119c, \u017ce Voucher dla czterech os\u00f3b na kolacj\u0119 z Robertem Mak\u0142owiczem poszed\u0142 za 8 tys. z\u0142otych i znalaz\u0142 si\u0119 w r\u0119kach Pana Tomasza Brzezi\u0144skiego.<\/p>\n<p><img decoding=\"async\" loading=\"lazy\" class=\"alignnone size-medium wp-image-1562\" src=\"http:\/\/vivatv.webd.pl\/bal\/wp-content\/uploads\/2017\/11\/bal-2017-044-500x333.jpg\" alt=\"\" width=\"500\" height=\"333\" srcset=\"https:\/\/bal.vivadental.pl\/2017\/wp-content\/uploads\/2017\/11\/bal-2017-044-500x333.jpg 500w, https:\/\/bal.vivadental.pl\/2017\/wp-content\/uploads\/2017\/11\/bal-2017-044-768x512.jpg 768w, https:\/\/bal.vivadental.pl\/2017\/wp-content\/uploads\/2017\/11\/bal-2017-044-1024x682.jpg 1024w, https:\/\/bal.vivadental.pl\/2017\/wp-content\/uploads\/2017\/11\/bal-2017-044.jpg 1280w\" sizes=\"(max-width: 500px) 100vw, 500px\" \/>\u00a0\u00a0<img decoding=\"async\" loading=\"lazy\" class=\"alignnone size-medium wp-image-1563\" src=\"http:\/\/vivatv.webd.pl\/bal\/wp-content\/uploads\/2017\/11\/bal-2017-045-500x334.jpg\" alt=\"\" width=\"500\" height=\"334\" srcset=\"https:\/\/bal.vivadental.pl\/2017\/wp-content\/uploads\/2017\/11\/bal-2017-045-500x334.jpg 500w, https:\/\/bal.vivadental.pl\/2017\/wp-content\/uploads\/2017\/11\/bal-2017-045-768x512.jpg 768w, https:\/\/bal.vivadental.pl\/2017\/wp-content\/uploads\/2017\/11\/bal-2017-045-1024x683.jpg 1024w, https:\/\/bal.vivadental.pl\/2017\/wp-content\/uploads\/2017\/11\/bal-2017-045.jpg 1280w\" sizes=\"(max-width: 500px) 100vw, 500px\" \/><\/p>\n<p style=\"text-align: justify;\">Absolutnym hitem licytacji by\u0142a przedpremierowa p\u0142yta Zespo\u0142u SCORPIONS z autografami Artyst\u00f3w,\u00a0koszulka i buty Klausa Meine, w kt\u00f3rych przekoncertowa\u0142 ca\u0142y \u015bwiat, a tak\u017ce bilety na koncert w Gda\u0144sku i spotkanie z Zespo\u0142em.\u00a0Licytacj\u0119 poprzedzi\u0142 film z pozdrowieniem Klausa Maine skierowanym do Fundacji Vivadental oraz do Dariusza Tigera Michalczewskiego, z kt\u00f3rym przyja\u017ani\u0105 si\u0119 od ponad 25 lat.\u00a0SCORPIONS\u00a0zosta\u0142 za\u0142o\u017cony w Hanowerze 12 listopada 1965 roku, a jego muzyka nawi\u0105zuje do najwa\u017cniejszych warto\u015bci w \u017cyciu cz\u0142owieka, do mi\u0142o\u015bci, wolno\u015bci i solidarno\u015bci. To nie jedyna zbie\u017cno\u015b\u0107 z dzia\u0142alno\u015bci\u0105 naszej Fundacji, bo r\u00f3wnie ciekawe jest zestawienie dat &#8211; tak\u017ce 12 listopada, ale 1991 roku, powsta\u0142a nasza firma, Vivadental. SCORPIONS wyst\u0119puje 52 lata, my za\u015b dzia\u0142amy lat 26.<\/p>\n<p><img decoding=\"async\" loading=\"lazy\" class=\"alignnone size-medium wp-image-1570\" src=\"http:\/\/vivatv.webd.pl\/bal\/wp-content\/uploads\/2017\/11\/bal-2017-052-500x333.jpg\" alt=\"\" width=\"500\" height=\"333\" srcset=\"https:\/\/bal.vivadental.pl\/2017\/wp-content\/uploads\/2017\/11\/bal-2017-052-500x333.jpg 500w, https:\/\/bal.vivadental.pl\/2017\/wp-content\/uploads\/2017\/11\/bal-2017-052-768x512.jpg 768w, https:\/\/bal.vivadental.pl\/2017\/wp-content\/uploads\/2017\/11\/bal-2017-052-1024x682.jpg 1024w, https:\/\/bal.vivadental.pl\/2017\/wp-content\/uploads\/2017\/11\/bal-2017-052.jpg 1280w\" sizes=\"(max-width: 500px) 100vw, 500px\" \/>\u00a0\u00a0<img decoding=\"async\" loading=\"lazy\" class=\"alignnone size-medium wp-image-1571\" src=\"http:\/\/vivatv.webd.pl\/bal\/wp-content\/uploads\/2017\/11\/bal-2017-053-500x333.jpg\" alt=\"\" width=\"500\" height=\"333\" srcset=\"https:\/\/bal.vivadental.pl\/2017\/wp-content\/uploads\/2017\/11\/bal-2017-053-500x333.jpg 500w, https:\/\/bal.vivadental.pl\/2017\/wp-content\/uploads\/2017\/11\/bal-2017-053-768x512.jpg 768w, https:\/\/bal.vivadental.pl\/2017\/wp-content\/uploads\/2017\/11\/bal-2017-053-1024x682.jpg 1024w, https:\/\/bal.vivadental.pl\/2017\/wp-content\/uploads\/2017\/11\/bal-2017-053.jpg 1280w\" sizes=\"(max-width: 500px) 100vw, 500px\" \/><\/p>\n<p style=\"text-align: justify;\">Szcz\u0119\u015bliwym posiadaczem tych wspania\u0142ych trofe\u00f3w muzyki rockowej o bezcennej warto\u015bci kolekcjonerskiej, zosta\u0142 Pan Wies\u0142aw Jazy, przeznaczaj\u0105c na to kwot\u0119 11 tys. z\u0142otych. Na ubieg\u0142orocznym Balu Pani Katarzyna Jazy wylicytowa\u0142a za 17 tys. z\u0142otych pi\u0142k\u0119 z podpisami Cristiano Ronaldo, Garetha Bale\u2019a i\u00a0Luisa Su\u00e1rez\u2019a.<\/p>\n<p><img decoding=\"async\" loading=\"lazy\" class=\"alignnone size-medium wp-image-1623\" src=\"http:\/\/vivatv.webd.pl\/bal\/wp-content\/uploads\/2017\/11\/bal-2017-105-500x333.jpg\" alt=\"\" width=\"500\" height=\"333\" srcset=\"https:\/\/bal.vivadental.pl\/2017\/wp-content\/uploads\/2017\/11\/bal-2017-105-500x333.jpg 500w, https:\/\/bal.vivadental.pl\/2017\/wp-content\/uploads\/2017\/11\/bal-2017-105-768x512.jpg 768w, https:\/\/bal.vivadental.pl\/2017\/wp-content\/uploads\/2017\/11\/bal-2017-105-1024x682.jpg 1024w, https:\/\/bal.vivadental.pl\/2017\/wp-content\/uploads\/2017\/11\/bal-2017-105.jpg 1280w\" sizes=\"(max-width: 500px) 100vw, 500px\" \/>\u00a0\u00a0<img decoding=\"async\" loading=\"lazy\" class=\"alignnone size-medium wp-image-1572\" src=\"http:\/\/vivatv.webd.pl\/bal\/wp-content\/uploads\/2017\/11\/bal-2017-054-500x333.jpg\" alt=\"\" width=\"500\" height=\"333\" srcset=\"https:\/\/bal.vivadental.pl\/2017\/wp-content\/uploads\/2017\/11\/bal-2017-054-500x333.jpg 500w, https:\/\/bal.vivadental.pl\/2017\/wp-content\/uploads\/2017\/11\/bal-2017-054-768x512.jpg 768w, https:\/\/bal.vivadental.pl\/2017\/wp-content\/uploads\/2017\/11\/bal-2017-054-1024x682.jpg 1024w, https:\/\/bal.vivadental.pl\/2017\/wp-content\/uploads\/2017\/11\/bal-2017-054.jpg 1280w\" sizes=\"(max-width: 500px) 100vw, 500px\" \/><img decoding=\"async\" loading=\"lazy\" class=\"alignnone size-medium wp-image-1573\" src=\"http:\/\/vivatv.webd.pl\/bal\/wp-content\/uploads\/2017\/11\/bal-2017-055-500x333.jpg\" alt=\"\" width=\"500\" height=\"333\" srcset=\"https:\/\/bal.vivadental.pl\/2017\/wp-content\/uploads\/2017\/11\/bal-2017-055-500x333.jpg 500w, https:\/\/bal.vivadental.pl\/2017\/wp-content\/uploads\/2017\/11\/bal-2017-055-768x512.jpg 768w, https:\/\/bal.vivadental.pl\/2017\/wp-content\/uploads\/2017\/11\/bal-2017-055-1024x682.jpg 1024w, https:\/\/bal.vivadental.pl\/2017\/wp-content\/uploads\/2017\/11\/bal-2017-055.jpg 1280w\" sizes=\"(max-width: 500px) 100vw, 500px\" \/>\u00a0\u00a0<img decoding=\"async\" loading=\"lazy\" class=\"alignnone size-medium wp-image-1574\" src=\"http:\/\/vivatv.webd.pl\/bal\/wp-content\/uploads\/2017\/11\/bal-2017-056-500x333.jpg\" alt=\"\" width=\"500\" height=\"333\" srcset=\"https:\/\/bal.vivadental.pl\/2017\/wp-content\/uploads\/2017\/11\/bal-2017-056-500x333.jpg 500w, https:\/\/bal.vivadental.pl\/2017\/wp-content\/uploads\/2017\/11\/bal-2017-056-768x512.jpg 768w, https:\/\/bal.vivadental.pl\/2017\/wp-content\/uploads\/2017\/11\/bal-2017-056-1024x682.jpg 1024w, https:\/\/bal.vivadental.pl\/2017\/wp-content\/uploads\/2017\/11\/bal-2017-056.jpg 1280w\" sizes=\"(max-width: 500px) 100vw, 500px\" \/><\/p>\n<p style=\"text-align: justify;\">Sportowe akcenty zdominowa\u0142y tak\u017ce tegoroczny Bal. Rekordow\u0105 kwot\u0119 15,5 tys. z\u0142otych osi\u0105gn\u0119\u0142a koszulka Polskiej Reprezentacji w Pice No\u017cnej, z autografami pi\u0142karzy, kt\u00f3rzy w tym roku zakwalifikowali si\u0119 do przysz\u0142orocznych Mistrzostw \u015awiata, kt\u00f3r\u0105 otrzymali\u015bmy ju\u017c w trakcie Balu od Pa\u0144stwa Anny i Nicholasa Cisowskich, a kt\u00f3rzy przybyli do nas niemal\u017ce w ostatniej chwili. Wylicytowa\u0142a j\u0105 Pani Aleksandra Tomasik, kt\u00f3ra na ubieg\u0142orocznym Balu sta\u0142a si\u0119, po burzliwej walce, w\u0142a\u015bcicielk\u0105 r\u0119kawic Dariusz TIGERA Michalczewskiego \/9 tys. z\u0142\/.<\/p>\n<p><img decoding=\"async\" loading=\"lazy\" class=\"alignnone size-medium wp-image-1557\" src=\"http:\/\/vivatv.webd.pl\/bal\/wp-content\/uploads\/2017\/11\/bal-2017-039-500x333.jpg\" alt=\"\" width=\"500\" height=\"333\" srcset=\"https:\/\/bal.vivadental.pl\/2017\/wp-content\/uploads\/2017\/11\/bal-2017-039-500x333.jpg 500w, https:\/\/bal.vivadental.pl\/2017\/wp-content\/uploads\/2017\/11\/bal-2017-039-768x512.jpg 768w, https:\/\/bal.vivadental.pl\/2017\/wp-content\/uploads\/2017\/11\/bal-2017-039-1024x682.jpg 1024w, https:\/\/bal.vivadental.pl\/2017\/wp-content\/uploads\/2017\/11\/bal-2017-039.jpg 1280w\" sizes=\"(max-width: 500px) 100vw, 500px\" \/>\u00a0\u00a0<img decoding=\"async\" loading=\"lazy\" class=\"alignnone size-medium wp-image-1560\" src=\"http:\/\/vivatv.webd.pl\/bal\/wp-content\/uploads\/2017\/11\/bal-2017-042-500x333.jpg\" alt=\"\" width=\"500\" height=\"333\" srcset=\"https:\/\/bal.vivadental.pl\/2017\/wp-content\/uploads\/2017\/11\/bal-2017-042-500x333.jpg 500w, https:\/\/bal.vivadental.pl\/2017\/wp-content\/uploads\/2017\/11\/bal-2017-042-768x512.jpg 768w, https:\/\/bal.vivadental.pl\/2017\/wp-content\/uploads\/2017\/11\/bal-2017-042-1024x682.jpg 1024w, https:\/\/bal.vivadental.pl\/2017\/wp-content\/uploads\/2017\/11\/bal-2017-042.jpg 1280w\" sizes=\"(max-width: 500px) 100vw, 500px\" \/><\/p>\n<p style=\"text-align: justify;\">Mi\u0119dzy aukcjami nasi Wspaniali Go\u015bcie bawili si\u0119 na parkiecie przy muzyce Bart\u0142omieja Szopi\u0144skiego z Zespo\u0142em i korzystali z degustacji doskona\u0142ych potraw Restauracji Amber Side.<\/p>\n<p><img decoding=\"async\" loading=\"lazy\" class=\"alignnone size-medium wp-image-1658\" src=\"http:\/\/vivatv.webd.pl\/bal\/wp-content\/uploads\/2017\/11\/bal-2017-140-500x333.jpg\" alt=\"\" width=\"500\" height=\"333\" srcset=\"https:\/\/bal.vivadental.pl\/2017\/wp-content\/uploads\/2017\/11\/bal-2017-140-500x333.jpg 500w, https:\/\/bal.vivadental.pl\/2017\/wp-content\/uploads\/2017\/11\/bal-2017-140-768x512.jpg 768w, https:\/\/bal.vivadental.pl\/2017\/wp-content\/uploads\/2017\/11\/bal-2017-140-1024x682.jpg 1024w, https:\/\/bal.vivadental.pl\/2017\/wp-content\/uploads\/2017\/11\/bal-2017-140.jpg 1280w\" sizes=\"(max-width: 500px) 100vw, 500px\" \/>\u00a0\u00a0<img decoding=\"async\" loading=\"lazy\" class=\"alignnone size-medium wp-image-1662\" src=\"http:\/\/vivatv.webd.pl\/bal\/wp-content\/uploads\/2017\/11\/bal-2017-144-500x333.jpg\" alt=\"\" width=\"500\" height=\"333\" srcset=\"https:\/\/bal.vivadental.pl\/2017\/wp-content\/uploads\/2017\/11\/bal-2017-144-500x333.jpg 500w, https:\/\/bal.vivadental.pl\/2017\/wp-content\/uploads\/2017\/11\/bal-2017-144-768x512.jpg 768w, https:\/\/bal.vivadental.pl\/2017\/wp-content\/uploads\/2017\/11\/bal-2017-144-1024x682.jpg 1024w, https:\/\/bal.vivadental.pl\/2017\/wp-content\/uploads\/2017\/11\/bal-2017-144.jpg 1280w\" sizes=\"(max-width: 500px) 100vw, 500px\" \/><img decoding=\"async\" loading=\"lazy\" class=\"alignnone size-medium wp-image-1661\" src=\"http:\/\/vivatv.webd.pl\/bal\/wp-content\/uploads\/2017\/11\/bal-2017-143-500x333.jpg\" alt=\"\" width=\"500\" height=\"333\" srcset=\"https:\/\/bal.vivadental.pl\/2017\/wp-content\/uploads\/2017\/11\/bal-2017-143-500x333.jpg 500w, https:\/\/bal.vivadental.pl\/2017\/wp-content\/uploads\/2017\/11\/bal-2017-143-768x512.jpg 768w, https:\/\/bal.vivadental.pl\/2017\/wp-content\/uploads\/2017\/11\/bal-2017-143-1024x682.jpg 1024w, https:\/\/bal.vivadental.pl\/2017\/wp-content\/uploads\/2017\/11\/bal-2017-143.jpg 1280w\" sizes=\"(max-width: 500px) 100vw, 500px\" \/>\u00a0\u00a0<img decoding=\"async\" loading=\"lazy\" class=\"alignnone size-medium wp-image-1604\" src=\"http:\/\/vivatv.webd.pl\/bal\/wp-content\/uploads\/2017\/11\/bal-2017-086-500x333.jpg\" alt=\"\" width=\"500\" height=\"333\" srcset=\"https:\/\/bal.vivadental.pl\/2017\/wp-content\/uploads\/2017\/11\/bal-2017-086-500x333.jpg 500w, https:\/\/bal.vivadental.pl\/2017\/wp-content\/uploads\/2017\/11\/bal-2017-086-768x512.jpg 768w, https:\/\/bal.vivadental.pl\/2017\/wp-content\/uploads\/2017\/11\/bal-2017-086-1024x682.jpg 1024w, https:\/\/bal.vivadental.pl\/2017\/wp-content\/uploads\/2017\/11\/bal-2017-086.jpg 1280w\" sizes=\"(max-width: 500px) 100vw, 500px\" \/><\/p>\n<p style=\"text-align: justify;\">Tu\u017c przed p\u00f3\u0142noc\u0105 powitali\u015bmy Gwiazd\u0119 Wieczoru \u2013 Ma\u0142gorzat\u0119 Ostrowsk\u0105 z Zespo\u0142em, kt\u00f3ra w pe\u0142nym ekspresji mini recitalu za\u015bpiewa\u0142a najwi\u0119ksze swoje przeboje, w tym \u201eSzklana pogoda\u201d, \u201eDroga Pani z Telewizji\u201d, \u201eTaniec pingwina na\u00a0szkle\u201d, \u201eMister of America\u201d, \u201eZnowu radio\u201d, czy \u201eMam do\u015b\u0107\u201d.<\/p>\n<p><img decoding=\"async\" loading=\"lazy\" class=\"alignnone size-medium wp-image-1587\" src=\"http:\/\/vivatv.webd.pl\/bal\/wp-content\/uploads\/2017\/11\/bal-2017-069-500x333.jpg\" alt=\"\" width=\"500\" height=\"333\" srcset=\"https:\/\/bal.vivadental.pl\/2017\/wp-content\/uploads\/2017\/11\/bal-2017-069-500x333.jpg 500w, https:\/\/bal.vivadental.pl\/2017\/wp-content\/uploads\/2017\/11\/bal-2017-069-768x512.jpg 768w, https:\/\/bal.vivadental.pl\/2017\/wp-content\/uploads\/2017\/11\/bal-2017-069-1024x682.jpg 1024w, https:\/\/bal.vivadental.pl\/2017\/wp-content\/uploads\/2017\/11\/bal-2017-069.jpg 1280w\" sizes=\"(max-width: 500px) 100vw, 500px\" \/>\u00a0\u00a0<img decoding=\"async\" loading=\"lazy\" class=\"alignnone size-medium wp-image-1584\" src=\"http:\/\/vivatv.webd.pl\/bal\/wp-content\/uploads\/2017\/11\/bal-2017-066-500x333.jpg\" alt=\"\" width=\"500\" height=\"333\" srcset=\"https:\/\/bal.vivadental.pl\/2017\/wp-content\/uploads\/2017\/11\/bal-2017-066-500x333.jpg 500w, https:\/\/bal.vivadental.pl\/2017\/wp-content\/uploads\/2017\/11\/bal-2017-066-768x512.jpg 768w, https:\/\/bal.vivadental.pl\/2017\/wp-content\/uploads\/2017\/11\/bal-2017-066-1024x682.jpg 1024w, https:\/\/bal.vivadental.pl\/2017\/wp-content\/uploads\/2017\/11\/bal-2017-066.jpg 1280w\" sizes=\"(max-width: 500px) 100vw, 500px\" \/><img decoding=\"async\" loading=\"lazy\" class=\"alignnone size-medium wp-image-1580\" src=\"http:\/\/vivatv.webd.pl\/bal\/wp-content\/uploads\/2017\/11\/bal-2017-062-500x333.jpg\" alt=\"\" width=\"500\" height=\"333\" srcset=\"https:\/\/bal.vivadental.pl\/2017\/wp-content\/uploads\/2017\/11\/bal-2017-062-500x333.jpg 500w, https:\/\/bal.vivadental.pl\/2017\/wp-content\/uploads\/2017\/11\/bal-2017-062-768x512.jpg 768w, https:\/\/bal.vivadental.pl\/2017\/wp-content\/uploads\/2017\/11\/bal-2017-062-1024x682.jpg 1024w, https:\/\/bal.vivadental.pl\/2017\/wp-content\/uploads\/2017\/11\/bal-2017-062.jpg 1280w\" sizes=\"(max-width: 500px) 100vw, 500px\" \/>\u00a0\u00a0<img decoding=\"async\" loading=\"lazy\" class=\"alignnone size-medium wp-image-1578\" src=\"http:\/\/vivatv.webd.pl\/bal\/wp-content\/uploads\/2017\/11\/bal-2017-060-500x333.jpg\" alt=\"\" width=\"500\" height=\"333\" srcset=\"https:\/\/bal.vivadental.pl\/2017\/wp-content\/uploads\/2017\/11\/bal-2017-060-500x333.jpg 500w, https:\/\/bal.vivadental.pl\/2017\/wp-content\/uploads\/2017\/11\/bal-2017-060-768x512.jpg 768w, https:\/\/bal.vivadental.pl\/2017\/wp-content\/uploads\/2017\/11\/bal-2017-060-1024x682.jpg 1024w, https:\/\/bal.vivadental.pl\/2017\/wp-content\/uploads\/2017\/11\/bal-2017-060.jpg 1280w\" sizes=\"(max-width: 500px) 100vw, 500px\" \/><\/p>\n<p style=\"text-align: justify;\">Udzia\u0142 w Balu Artystka zako\u0144czy\u0142a niespodziank\u0105 \u2013 przeprowadzi\u0142a aukcj\u0119 kremu w\u0142asnej produkcji o niespotykanym i unikalnym sk\u0142adzie, na kt\u00f3ry dla swojej \u017cony Iwony, zdecydowa\u0142 si\u0119 za kwot\u0119 2 tys. z\u0142otych Pan Wojciech Jaworski.<\/p>\n<p><img decoding=\"async\" loading=\"lazy\" class=\"alignnone size-medium wp-image-1551\" src=\"http:\/\/vivatv.webd.pl\/bal\/wp-content\/uploads\/2017\/11\/bal-2017-033-500x333.jpg\" alt=\"\" width=\"500\" height=\"333\" srcset=\"https:\/\/bal.vivadental.pl\/2017\/wp-content\/uploads\/2017\/11\/bal-2017-033-500x333.jpg 500w, https:\/\/bal.vivadental.pl\/2017\/wp-content\/uploads\/2017\/11\/bal-2017-033-768x512.jpg 768w, https:\/\/bal.vivadental.pl\/2017\/wp-content\/uploads\/2017\/11\/bal-2017-033-1024x682.jpg 1024w, https:\/\/bal.vivadental.pl\/2017\/wp-content\/uploads\/2017\/11\/bal-2017-033.jpg 1280w\" sizes=\"(max-width: 500px) 100vw, 500px\" \/>\u00a0\u00a0<img decoding=\"async\" loading=\"lazy\" class=\"alignnone size-medium wp-image-1592\" src=\"http:\/\/vivatv.webd.pl\/bal\/wp-content\/uploads\/2017\/11\/bal-2017-074-500x333.jpg\" alt=\"\" width=\"500\" height=\"333\" srcset=\"https:\/\/bal.vivadental.pl\/2017\/wp-content\/uploads\/2017\/11\/bal-2017-074-500x333.jpg 500w, https:\/\/bal.vivadental.pl\/2017\/wp-content\/uploads\/2017\/11\/bal-2017-074-768x512.jpg 768w, https:\/\/bal.vivadental.pl\/2017\/wp-content\/uploads\/2017\/11\/bal-2017-074-1024x682.jpg 1024w, https:\/\/bal.vivadental.pl\/2017\/wp-content\/uploads\/2017\/11\/bal-2017-074.jpg 1280w\" sizes=\"(max-width: 500px) 100vw, 500px\" \/><\/p>\n<p style=\"text-align: justify;\">Temperatura i emocje przenios\u0142y nas do kolejnej aukcji, w kt\u00f3rej ju\u017c na samym wst\u0119pie Pan Tomasz Wolsztyniak za kwot\u0119 6 tys. z\u0142otych sta\u0142 si\u0119 posiadaczem rysunku Jacka Federowicza b\u0119d\u0105cego artystyczn\u0105 parafraz\u0105 podpisanych w 1980 roku Porozumie\u0144 Sierpniowych.<\/p>\n<p><img decoding=\"async\" loading=\"lazy\" class=\"alignnone size-medium wp-image-1605\" src=\"http:\/\/vivatv.webd.pl\/bal\/wp-content\/uploads\/2017\/11\/bal-2017-087-500x333.jpg\" alt=\"\" width=\"500\" height=\"333\" srcset=\"https:\/\/bal.vivadental.pl\/2017\/wp-content\/uploads\/2017\/11\/bal-2017-087-500x333.jpg 500w, https:\/\/bal.vivadental.pl\/2017\/wp-content\/uploads\/2017\/11\/bal-2017-087-768x512.jpg 768w, https:\/\/bal.vivadental.pl\/2017\/wp-content\/uploads\/2017\/11\/bal-2017-087-1024x682.jpg 1024w, https:\/\/bal.vivadental.pl\/2017\/wp-content\/uploads\/2017\/11\/bal-2017-087.jpg 1280w\" sizes=\"(max-width: 500px) 100vw, 500px\" \/>\u00a0\u00a0<img decoding=\"async\" loading=\"lazy\" class=\"alignnone size-medium wp-image-1593\" src=\"http:\/\/vivatv.webd.pl\/bal\/wp-content\/uploads\/2017\/11\/bal-2017-075-500x334.jpg\" alt=\"\" width=\"500\" height=\"334\" srcset=\"https:\/\/bal.vivadental.pl\/2017\/wp-content\/uploads\/2017\/11\/bal-2017-075-500x334.jpg 500w, https:\/\/bal.vivadental.pl\/2017\/wp-content\/uploads\/2017\/11\/bal-2017-075-768x512.jpg 768w, https:\/\/bal.vivadental.pl\/2017\/wp-content\/uploads\/2017\/11\/bal-2017-075-1024x683.jpg 1024w, https:\/\/bal.vivadental.pl\/2017\/wp-content\/uploads\/2017\/11\/bal-2017-075.jpg 1280w\" sizes=\"(max-width: 500px) 100vw, 500px\" \/><\/p>\n<p style=\"text-align: justify;\">Wkr\u00f3tce potem Pani Monika Andrzejczyk-Waszut wylicytowa\u0142a za 1.36 tys. z\u0142otych Album z dedykacj\u0105 Andrzeja Mleczki przekazany przez Autora.<\/p>\n<p style=\"text-align: justify;\">Kiedy na scen\u0119 wszed\u0142 Jaros\u0142aw Bieniuk z ofiarowan\u0105 przez siebie koszulk\u0105 Gda\u0144skiej Lechii z autografami pi\u0142karzy oraz voucher meczowy VIP, emocje si\u0119gn\u0119\u0142y zenitu, bo wi\u0119kszo\u015b\u0107 Go\u015bci doskonale pami\u0119ta\u0142a ubieg\u0142oroczn\u0105 rekordow\u0105 licytacj\u0119. Nie inaczej by\u0142o obecnie.<\/p>\n<p><img decoding=\"async\" loading=\"lazy\" class=\"alignnone size-medium wp-image-1595\" src=\"http:\/\/vivatv.webd.pl\/bal\/wp-content\/uploads\/2017\/11\/bal-2017-077-500x333.jpg\" alt=\"\" width=\"500\" height=\"333\" srcset=\"https:\/\/bal.vivadental.pl\/2017\/wp-content\/uploads\/2017\/11\/bal-2017-077-500x333.jpg 500w, https:\/\/bal.vivadental.pl\/2017\/wp-content\/uploads\/2017\/11\/bal-2017-077-768x512.jpg 768w, https:\/\/bal.vivadental.pl\/2017\/wp-content\/uploads\/2017\/11\/bal-2017-077-1024x682.jpg 1024w, https:\/\/bal.vivadental.pl\/2017\/wp-content\/uploads\/2017\/11\/bal-2017-077.jpg 1280w\" sizes=\"(max-width: 500px) 100vw, 500px\" \/>\u00a0\u00a0<img decoding=\"async\" loading=\"lazy\" class=\"alignnone size-medium wp-image-1667\" src=\"http:\/\/vivatv.webd.pl\/bal\/wp-content\/uploads\/2017\/11\/bal-2017-149-500x333.jpg\" alt=\"\" width=\"500\" height=\"333\" srcset=\"https:\/\/bal.vivadental.pl\/2017\/wp-content\/uploads\/2017\/11\/bal-2017-149-500x333.jpg 500w, https:\/\/bal.vivadental.pl\/2017\/wp-content\/uploads\/2017\/11\/bal-2017-149-768x512.jpg 768w, https:\/\/bal.vivadental.pl\/2017\/wp-content\/uploads\/2017\/11\/bal-2017-149-1024x682.jpg 1024w, https:\/\/bal.vivadental.pl\/2017\/wp-content\/uploads\/2017\/11\/bal-2017-149.jpg 1280w\" sizes=\"(max-width: 500px) 100vw, 500px\" \/><\/p>\n<p style=\"text-align: justify;\">Ostatecznie po burzliwej licytacji z Wojciechem Jaworskim, koszulka za 11 tys. z\u0142otych przypad\u0142a Panu Damianowi Tomasikowi, m\u0119\u017cowi Pani Aleksandry, kt\u00f3ra wcze\u015bniej sta\u0142a si\u0119 posiadaczk\u0105 koszuli Polskiej Reprezentacji Pi\u0142karskiej.<\/p>\n<p><img decoding=\"async\" loading=\"lazy\" class=\"alignnone size-medium wp-image-1596\" src=\"http:\/\/vivatv.webd.pl\/bal\/wp-content\/uploads\/2017\/11\/bal-2017-078-500x333.jpg\" alt=\"\" width=\"500\" height=\"333\" srcset=\"https:\/\/bal.vivadental.pl\/2017\/wp-content\/uploads\/2017\/11\/bal-2017-078-500x333.jpg 500w, https:\/\/bal.vivadental.pl\/2017\/wp-content\/uploads\/2017\/11\/bal-2017-078-768x512.jpg 768w, https:\/\/bal.vivadental.pl\/2017\/wp-content\/uploads\/2017\/11\/bal-2017-078-1024x682.jpg 1024w, https:\/\/bal.vivadental.pl\/2017\/wp-content\/uploads\/2017\/11\/bal-2017-078.jpg 1280w\" sizes=\"(max-width: 500px) 100vw, 500px\" \/>\u00a0\u00a0<img decoding=\"async\" loading=\"lazy\" class=\"alignnone size-medium wp-image-1597\" src=\"http:\/\/vivatv.webd.pl\/bal\/wp-content\/uploads\/2017\/11\/bal-2017-079-500x333.jpg\" alt=\"\" width=\"500\" height=\"333\" srcset=\"https:\/\/bal.vivadental.pl\/2017\/wp-content\/uploads\/2017\/11\/bal-2017-079-500x333.jpg 500w, https:\/\/bal.vivadental.pl\/2017\/wp-content\/uploads\/2017\/11\/bal-2017-079-768x512.jpg 768w, https:\/\/bal.vivadental.pl\/2017\/wp-content\/uploads\/2017\/11\/bal-2017-079-1024x682.jpg 1024w, https:\/\/bal.vivadental.pl\/2017\/wp-content\/uploads\/2017\/11\/bal-2017-079.jpg 1280w\" sizes=\"(max-width: 500px) 100vw, 500px\" \/><\/p>\n<p style=\"text-align: justify;\">Kolejnym hitem aukcji by\u0142a pi\u0142ka z autografem Roda Stewarta, przekazana przez Pana Marka G\u0142uchowskiego, Prezesa Gda\u0144skiego Klubu Biznesu, kt\u00f3r\u0105 po r\u00f3wnie emocjonuj\u0105cej walce wygra\u0142a dla naszych podopiecznych Pani Monika Andrzejczyk-Waszut przekazuj\u0105c na ten cel 10 tys. z\u0142otych.<\/p>\n<p><img decoding=\"async\" loading=\"lazy\" class=\"alignnone size-medium wp-image-1599\" src=\"http:\/\/vivatv.webd.pl\/bal\/wp-content\/uploads\/2017\/11\/bal-2017-081-500x333.jpg\" alt=\"\" width=\"500\" height=\"333\" srcset=\"https:\/\/bal.vivadental.pl\/2017\/wp-content\/uploads\/2017\/11\/bal-2017-081-500x333.jpg 500w, https:\/\/bal.vivadental.pl\/2017\/wp-content\/uploads\/2017\/11\/bal-2017-081-768x512.jpg 768w, https:\/\/bal.vivadental.pl\/2017\/wp-content\/uploads\/2017\/11\/bal-2017-081-1024x682.jpg 1024w, https:\/\/bal.vivadental.pl\/2017\/wp-content\/uploads\/2017\/11\/bal-2017-081.jpg 1280w\" sizes=\"(max-width: 500px) 100vw, 500px\" \/>\u00a0\u00a0<img decoding=\"async\" loading=\"lazy\" class=\"alignnone size-medium wp-image-1594\" src=\"http:\/\/vivatv.webd.pl\/bal\/wp-content\/uploads\/2017\/11\/bal-2017-076-500x333.jpg\" alt=\"\" width=\"500\" height=\"333\" srcset=\"https:\/\/bal.vivadental.pl\/2017\/wp-content\/uploads\/2017\/11\/bal-2017-076-500x333.jpg 500w, https:\/\/bal.vivadental.pl\/2017\/wp-content\/uploads\/2017\/11\/bal-2017-076-768x512.jpg 768w, https:\/\/bal.vivadental.pl\/2017\/wp-content\/uploads\/2017\/11\/bal-2017-076-1024x682.jpg 1024w, https:\/\/bal.vivadental.pl\/2017\/wp-content\/uploads\/2017\/11\/bal-2017-076.jpg 1280w\" sizes=\"(max-width: 500px) 100vw, 500px\" \/><\/p>\n<p style=\"text-align: justify;\">Aukcj\u0119 zako\u0144czy\u0142a licytacja vouchera na kolacj\u0119 z Wojciechem Modest Amaro, kt\u00f3r\u0105 otrzymali\u015bmy od Pani Katarzyny Dobrzynieckiej, dyrektor Biura Lo\u017cy Gda\u0144skiej BCC, na kt\u00f3r\u0105 8 tys. z\u0142otych zdecydowa\u0142 si\u0119 przeznaczy\u0107 Pan Tomasz Brzezi\u0144ski. Fakt, \u017ce Pan Tomasz wylicytowa\u0142 wcze\u015bniej za tak\u0105 sam\u0105 kwot\u0119 kolacj\u0119 z Robertem Mak\u0142owiczem \u015bwiadczy, i\u017c jest mi\u0142o\u015bnikiem dobrej kuchni, ale przede wszystkim le\u017cy mu na sercu dobro naszych podopiecznych.\u00a0 W ubieg\u0142orocznym Balu Pan Tomasz wylicytowa\u0142 orygina\u0142 scenariusza do filmu \u201eUk\u0142ad Zamkni\u0119ty\u201d ofiarowany przez naszego Przyjaciela Pana Miros\u0142awa Piepk\u0119 \/jego wsp\u00f3\u0142autora wraz z Micha\u0142em Pruskim\/.<\/p>\n<p><img decoding=\"async\" loading=\"lazy\" class=\"alignnone size-medium wp-image-1644\" src=\"http:\/\/vivatv.webd.pl\/bal\/wp-content\/uploads\/2017\/11\/bal-2017-126-500x333.jpg\" alt=\"\" width=\"500\" height=\"333\" srcset=\"https:\/\/bal.vivadental.pl\/2017\/wp-content\/uploads\/2017\/11\/bal-2017-126-500x333.jpg 500w, https:\/\/bal.vivadental.pl\/2017\/wp-content\/uploads\/2017\/11\/bal-2017-126-768x512.jpg 768w, https:\/\/bal.vivadental.pl\/2017\/wp-content\/uploads\/2017\/11\/bal-2017-126-1024x682.jpg 1024w, https:\/\/bal.vivadental.pl\/2017\/wp-content\/uploads\/2017\/11\/bal-2017-126.jpg 1280w\" sizes=\"(max-width: 500px) 100vw, 500px\" \/>\u00a0\u00a0<img decoding=\"async\" loading=\"lazy\" class=\"alignnone size-medium wp-image-1600\" src=\"http:\/\/vivatv.webd.pl\/bal\/wp-content\/uploads\/2017\/11\/bal-2017-082-500x333.jpg\" alt=\"\" width=\"500\" height=\"333\" srcset=\"https:\/\/bal.vivadental.pl\/2017\/wp-content\/uploads\/2017\/11\/bal-2017-082-500x333.jpg 500w, https:\/\/bal.vivadental.pl\/2017\/wp-content\/uploads\/2017\/11\/bal-2017-082-768x512.jpg 768w, https:\/\/bal.vivadental.pl\/2017\/wp-content\/uploads\/2017\/11\/bal-2017-082-1024x682.jpg 1024w, https:\/\/bal.vivadental.pl\/2017\/wp-content\/uploads\/2017\/11\/bal-2017-082.jpg 1280w\" sizes=\"(max-width: 500px) 100vw, 500px\" \/><\/p>\n<p style=\"text-align: justify;\">Rekord aukcji przypad\u0142 Pa\u0144stwu Aleksandrze i Damianowi Tomasikom, prowadz\u0105cym firm\u0119 AL TER PROPERTY S.A. \u2013 \u0142\u0105cznie 28 tys. z\u0142otych!!! Do koszulki Reprezentacji Polski \/15.5 tys. z\u0142otych\/ i koszulki Gda\u0144skiej Lechii \/11 tys. z\u0142otych\/ doszed\u0142 voucher na koszul\u0119 na miar\u0119 w firmie Emanuel Berg wylicytowany przez Pana Damiana w aukcji cichej za kwot\u0119 1,5 tys. z\u0142otych. Pa\u0144stwo Tomasikowie do\u0142\u0105czyli te wspania\u0142e trofea do r\u0119kawic bokserskich Dariusza Tiger Michalczewskiego wylicytowanych podczas ubieg\u0142orocznego Balu przez Pani\u0105 Aleksandr\u0119. Gratulujemy tak zaszczytnego dla nas wszystkich rekordu.<\/p>\n<p><img decoding=\"async\" loading=\"lazy\" class=\"alignnone wp-image-1559 size-full\" src=\"http:\/\/vivatv.webd.pl\/bal\/wp-content\/uploads\/2017\/11\/bal-2017-041.jpg\" alt=\"\" width=\"1280\" height=\"853\" srcset=\"https:\/\/bal.vivadental.pl\/2017\/wp-content\/uploads\/2017\/11\/bal-2017-041.jpg 1280w, https:\/\/bal.vivadental.pl\/2017\/wp-content\/uploads\/2017\/11\/bal-2017-041-500x333.jpg 500w, https:\/\/bal.vivadental.pl\/2017\/wp-content\/uploads\/2017\/11\/bal-2017-041-768x512.jpg 768w, https:\/\/bal.vivadental.pl\/2017\/wp-content\/uploads\/2017\/11\/bal-2017-041-1024x682.jpg 1024w\" sizes=\"(max-width: 1280px) 100vw, 1280px\" \/><\/p>\n<p style=\"text-align: justify;\">W s\u0105siaduj\u0105cej Sali Wystaw Czasowych odbywa\u0142a si\u0119 aukcja cicha, kt\u00f3r\u0105 prowadzili studenci z\u00a0Gda\u0144skiego Oddzia\u0142u Polskiego Towarzystwa Student\u00f3w Stomatologii. Polega\u0142a na\u00a0wpisywaniu wy\u017cszej od\u00a0poprzedzaj\u0105cej oferowanej przez\u00a0siebie ceny za\u00a0dany przedmiot, a\u00a0by\u0142o ich co nie\u00a0miara. Dominowa\u0142y przedmioty ze\u00a0\u015bwiata sportu i\u00a0sztuki. Ale nie tylko.<\/p>\n<p><img decoding=\"async\" loading=\"lazy\" class=\"alignnone size-medium wp-image-1535\" src=\"http:\/\/vivatv.webd.pl\/bal\/wp-content\/uploads\/2017\/11\/bal-2017-017-500x333.jpg\" alt=\"\" width=\"500\" height=\"333\" srcset=\"https:\/\/bal.vivadental.pl\/2017\/wp-content\/uploads\/2017\/11\/bal-2017-017-500x333.jpg 500w, https:\/\/bal.vivadental.pl\/2017\/wp-content\/uploads\/2017\/11\/bal-2017-017-768x512.jpg 768w, https:\/\/bal.vivadental.pl\/2017\/wp-content\/uploads\/2017\/11\/bal-2017-017-1024x682.jpg 1024w, https:\/\/bal.vivadental.pl\/2017\/wp-content\/uploads\/2017\/11\/bal-2017-017.jpg 1280w\" sizes=\"(max-width: 500px) 100vw, 500px\" \/>\u00a0<img decoding=\"async\" loading=\"lazy\" class=\"alignnone size-medium wp-image-1534\" src=\"http:\/\/vivatv.webd.pl\/bal\/wp-content\/uploads\/2017\/11\/bal-2017-016-500x333.jpg\" alt=\"\" width=\"500\" height=\"333\" srcset=\"https:\/\/bal.vivadental.pl\/2017\/wp-content\/uploads\/2017\/11\/bal-2017-016-500x333.jpg 500w, https:\/\/bal.vivadental.pl\/2017\/wp-content\/uploads\/2017\/11\/bal-2017-016-768x512.jpg 768w, https:\/\/bal.vivadental.pl\/2017\/wp-content\/uploads\/2017\/11\/bal-2017-016-1024x682.jpg 1024w, https:\/\/bal.vivadental.pl\/2017\/wp-content\/uploads\/2017\/11\/bal-2017-016.jpg 1280w\" sizes=\"(max-width: 500px) 100vw, 500px\" \/><img decoding=\"async\" loading=\"lazy\" class=\"alignnone size-medium wp-image-1533\" src=\"http:\/\/vivatv.webd.pl\/bal\/wp-content\/uploads\/2017\/11\/bal-2017-015-500x333.jpg\" alt=\"\" width=\"500\" height=\"333\" srcset=\"https:\/\/bal.vivadental.pl\/2017\/wp-content\/uploads\/2017\/11\/bal-2017-015-500x333.jpg 500w, https:\/\/bal.vivadental.pl\/2017\/wp-content\/uploads\/2017\/11\/bal-2017-015-768x512.jpg 768w, https:\/\/bal.vivadental.pl\/2017\/wp-content\/uploads\/2017\/11\/bal-2017-015-1024x682.jpg 1024w, https:\/\/bal.vivadental.pl\/2017\/wp-content\/uploads\/2017\/11\/bal-2017-015.jpg 1280w\" sizes=\"(max-width: 500px) 100vw, 500px\" \/>\u00a0\u00a0<img decoding=\"async\" loading=\"lazy\" class=\"alignnone size-medium wp-image-1531\" src=\"http:\/\/vivatv.webd.pl\/bal\/wp-content\/uploads\/2017\/11\/bal-2017-013-500x333.jpg\" alt=\"\" width=\"500\" height=\"333\" srcset=\"https:\/\/bal.vivadental.pl\/2017\/wp-content\/uploads\/2017\/11\/bal-2017-013-500x333.jpg 500w, https:\/\/bal.vivadental.pl\/2017\/wp-content\/uploads\/2017\/11\/bal-2017-013-768x512.jpg 768w, https:\/\/bal.vivadental.pl\/2017\/wp-content\/uploads\/2017\/11\/bal-2017-013-1024x682.jpg 1024w, https:\/\/bal.vivadental.pl\/2017\/wp-content\/uploads\/2017\/11\/bal-2017-013.jpg 1280w\" sizes=\"(max-width: 500px) 100vw, 500px\" \/><\/p>\n<p style=\"text-align: justify;\">W\u00a0sali balowej nasi Go\u015bcie ch\u0119tnie brali udzia\u0142 w zabawie fantowej i wizyt\u00f3wkowej prowadzonej przez studentki Gdy\u0144skiej Szko\u0142y Filmowej, kt\u00f3re obfitowa\u0142y w\u00a0liczne i\u00a0atrakcyjne niespodzianki oraz zaskakuj\u0105ce rozwi\u0105zania.<\/p>\n<p><img decoding=\"async\" loading=\"lazy\" class=\"alignnone size-medium wp-image-1541\" src=\"http:\/\/vivatv.webd.pl\/bal\/wp-content\/uploads\/2017\/11\/bal-2017-023-500x333.jpg\" alt=\"\" width=\"500\" height=\"333\" srcset=\"https:\/\/bal.vivadental.pl\/2017\/wp-content\/uploads\/2017\/11\/bal-2017-023-500x333.jpg 500w, https:\/\/bal.vivadental.pl\/2017\/wp-content\/uploads\/2017\/11\/bal-2017-023-768x512.jpg 768w, https:\/\/bal.vivadental.pl\/2017\/wp-content\/uploads\/2017\/11\/bal-2017-023-1024x682.jpg 1024w, https:\/\/bal.vivadental.pl\/2017\/wp-content\/uploads\/2017\/11\/bal-2017-023.jpg 1280w\" sizes=\"(max-width: 500px) 100vw, 500px\" \/>\u00a0\u00a0<img decoding=\"async\" loading=\"lazy\" class=\"alignnone size-medium wp-image-1540\" src=\"http:\/\/vivatv.webd.pl\/bal\/wp-content\/uploads\/2017\/11\/bal-2017-022-500x333.jpg\" alt=\"\" width=\"500\" height=\"333\" srcset=\"https:\/\/bal.vivadental.pl\/2017\/wp-content\/uploads\/2017\/11\/bal-2017-022-500x333.jpg 500w, https:\/\/bal.vivadental.pl\/2017\/wp-content\/uploads\/2017\/11\/bal-2017-022-768x512.jpg 768w, https:\/\/bal.vivadental.pl\/2017\/wp-content\/uploads\/2017\/11\/bal-2017-022-1024x682.jpg 1024w, https:\/\/bal.vivadental.pl\/2017\/wp-content\/uploads\/2017\/11\/bal-2017-022.jpg 1280w\" sizes=\"(max-width: 500px) 100vw, 500px\" \/><img decoding=\"async\" loading=\"lazy\" class=\"alignnone size-medium wp-image-1544\" src=\"http:\/\/vivatv.webd.pl\/bal\/wp-content\/uploads\/2017\/11\/bal-2017-026-500x334.jpg\" alt=\"\" width=\"500\" height=\"334\" srcset=\"https:\/\/bal.vivadental.pl\/2017\/wp-content\/uploads\/2017\/11\/bal-2017-026-500x334.jpg 500w, https:\/\/bal.vivadental.pl\/2017\/wp-content\/uploads\/2017\/11\/bal-2017-026-768x512.jpg 768w, https:\/\/bal.vivadental.pl\/2017\/wp-content\/uploads\/2017\/11\/bal-2017-026-1024x683.jpg 1024w, https:\/\/bal.vivadental.pl\/2017\/wp-content\/uploads\/2017\/11\/bal-2017-026.jpg 1280w\" sizes=\"(max-width: 500px) 100vw, 500px\" \/>\u00a0\u00a0<img decoding=\"async\" loading=\"lazy\" class=\"alignnone size-medium wp-image-1543\" src=\"http:\/\/vivatv.webd.pl\/bal\/wp-content\/uploads\/2017\/11\/bal-2017-025-500x333.jpg\" alt=\"\" width=\"500\" height=\"333\" srcset=\"https:\/\/bal.vivadental.pl\/2017\/wp-content\/uploads\/2017\/11\/bal-2017-025-500x333.jpg 500w, https:\/\/bal.vivadental.pl\/2017\/wp-content\/uploads\/2017\/11\/bal-2017-025-768x512.jpg 768w, https:\/\/bal.vivadental.pl\/2017\/wp-content\/uploads\/2017\/11\/bal-2017-025-1024x682.jpg 1024w, https:\/\/bal.vivadental.pl\/2017\/wp-content\/uploads\/2017\/11\/bal-2017-025.jpg 1280w\" sizes=\"(max-width: 500px) 100vw, 500px\" \/><\/p>\n<p style=\"text-align: justify;\">Zabawa trwa\u0142a do\u00a0bia\u0142ego rana.<\/p>\n<p><img decoding=\"async\" loading=\"lazy\" class=\"alignnone size-medium wp-image-1527\" src=\"http:\/\/vivatv.webd.pl\/bal\/wp-content\/uploads\/2017\/11\/bal-2017-009-500x333.jpg\" alt=\"\" width=\"500\" height=\"333\" srcset=\"https:\/\/bal.vivadental.pl\/2017\/wp-content\/uploads\/2017\/11\/bal-2017-009-500x333.jpg 500w, https:\/\/bal.vivadental.pl\/2017\/wp-content\/uploads\/2017\/11\/bal-2017-009-768x512.jpg 768w, https:\/\/bal.vivadental.pl\/2017\/wp-content\/uploads\/2017\/11\/bal-2017-009-1024x682.jpg 1024w, https:\/\/bal.vivadental.pl\/2017\/wp-content\/uploads\/2017\/11\/bal-2017-009.jpg 1280w\" sizes=\"(max-width: 500px) 100vw, 500px\" \/>\u00a0\u00a0<img decoding=\"async\" loading=\"lazy\" class=\"alignnone size-medium wp-image-1529\" src=\"http:\/\/vivatv.webd.pl\/bal\/wp-content\/uploads\/2017\/11\/bal-2017-011-500x333.jpg\" alt=\"\" width=\"500\" height=\"333\" srcset=\"https:\/\/bal.vivadental.pl\/2017\/wp-content\/uploads\/2017\/11\/bal-2017-011-500x333.jpg 500w, https:\/\/bal.vivadental.pl\/2017\/wp-content\/uploads\/2017\/11\/bal-2017-011-768x512.jpg 768w, https:\/\/bal.vivadental.pl\/2017\/wp-content\/uploads\/2017\/11\/bal-2017-011-1024x682.jpg 1024w, https:\/\/bal.vivadental.pl\/2017\/wp-content\/uploads\/2017\/11\/bal-2017-011.jpg 1280w\" sizes=\"(max-width: 500px) 100vw, 500px\" \/><img decoding=\"async\" loading=\"lazy\" class=\"alignnone size-medium wp-image-1537\" src=\"http:\/\/vivatv.webd.pl\/bal\/wp-content\/uploads\/2017\/11\/bal-2017-019-500x333.jpg\" alt=\"\" width=\"500\" height=\"333\" srcset=\"https:\/\/bal.vivadental.pl\/2017\/wp-content\/uploads\/2017\/11\/bal-2017-019-500x333.jpg 500w, https:\/\/bal.vivadental.pl\/2017\/wp-content\/uploads\/2017\/11\/bal-2017-019-768x512.jpg 768w, https:\/\/bal.vivadental.pl\/2017\/wp-content\/uploads\/2017\/11\/bal-2017-019-1024x682.jpg 1024w, https:\/\/bal.vivadental.pl\/2017\/wp-content\/uploads\/2017\/11\/bal-2017-019.jpg 1280w\" sizes=\"(max-width: 500px) 100vw, 500px\" \/>\u00a0\u00a0<img decoding=\"async\" loading=\"lazy\" class=\"alignnone size-medium wp-image-1589\" src=\"http:\/\/vivatv.webd.pl\/bal\/wp-content\/uploads\/2017\/11\/bal-2017-071-500x333.jpg\" alt=\"\" width=\"500\" height=\"333\" srcset=\"https:\/\/bal.vivadental.pl\/2017\/wp-content\/uploads\/2017\/11\/bal-2017-071-500x333.jpg 500w, https:\/\/bal.vivadental.pl\/2017\/wp-content\/uploads\/2017\/11\/bal-2017-071-768x512.jpg 768w, https:\/\/bal.vivadental.pl\/2017\/wp-content\/uploads\/2017\/11\/bal-2017-071-1024x682.jpg 1024w, https:\/\/bal.vivadental.pl\/2017\/wp-content\/uploads\/2017\/11\/bal-2017-071.jpg 1280w\" sizes=\"(max-width: 500px) 100vw, 500px\" \/><\/p>\n<p style=\"text-align: justify;\"><strong>Serdecznie dzi\u0119kujemy naszym Go\u015bciom za udzia\u0142 w Drugim Balu Charytatywnym Fundacji dla Dzieci Vivadental, za okazan\u0105 sympati\u0119, wsparcie i hojno\u015b\u0107. <\/strong><\/p>\n<p style=\"text-align: justify;\"><strong>Dzi\u0119kujemy naszym Darczy\u0144com:<br \/>\n<\/strong><strong>Dominika Czechowska, Bartosz Bernat, Sebastian \u015aliwa, Damian Tomasik, Aleksandra Tomasik, Wojciech Tremiszewski, Jaros\u0142aw Berg Szychu\u0142da, Pawe\u0142 Friedberg, Wies\u0142awa Warszawska, Stefan Ka\u0142u\u017cny, Ewa Olszewska, Hanna Zych-Ciso\u0144, Gda\u0144ski Klub Biznesu, BuVitalijus Banulevicius, Marek G\u0142uchowski, Magdalena Strzelczyk, Aleksandra Rostkowska, Andrzej Zieli\u0144ski, Ewa Zieli\u0144ska, Katarzyna Cupry\u015b, Jaros\u0142aw Bieniuk, Piotr Gacek, Henryka Krzywonos-Strycharska, Micha\u0142 Kwiatkowski, Sebastian \u015aliwa, Katarzyna Dobrzyniecka, Ewa Obst, Marta Dargas-Draganik, Dorota Makarewicz, Estera Gabczenko, Artur Si\u00f3dmiak, Jacek Krzyn\u00f3wek, Wojciech Modest Amaro, Tomasz Brzezi\u0144ski, Monika Andrzejczyk-Waszut, Mariusz Grz\u0119da, Tomasz Wolsztyniak, Jacek Fedorowicz, Wies\u0142aw Jazy, Robert Mak\u0142owicz, Micha\u0142 Maciejewski, Rafa\u0142 Olbi\u0144ski, Wojciech Jaworski, Jaros\u0142aw Konaszewski, Anna Cisowska,\u00a0 Nicholas Cisowski, Barbara Michalczewska, Dariusz TIGER Michalczewski, Robert Mak\u0142owicz, Jaros\u0142aw Bieniuk, Bogus\u0142aw BOBO Kaczmarek, Business Centre Club, Ma\u0142gorzata Ostrowska, Jacek Fedorowicz, Andrzej Mleczko, Lidia Popiel, Janusz Gajos, Piotr Gacek, Vitalijus Banulevicius.<\/strong><\/p>\n<p style=\"text-align: justify;\"><strong>Dzi\u0119kujemy naszym sponsorom:<br \/>\n<\/strong><strong>Z\u0142otemu Sponsorowi Balu <\/strong><strong>Mercedes-Benz Witman, <\/strong><\/p>\n<p style=\"text-align: justify;\"><strong>Br\u0105zowym Sponsorom:<br \/>\n<\/strong><strong>Przedsi\u0119biorstwu Budowlanemu PB G\u00f3rski, Pomorskiej Specjalnej Strefie Ekonomicznej, Morskiemu Portowi Handlowemu Gdynia S.A. <\/strong><\/p>\n<p style=\"text-align: justify;\"><strong>Dzi\u0119kujemy naszym Partnerom:<br \/>\nDr Kubik, Trefla S.A., Hotel Wieniawa, Ziaja, Ergo Hestia, Amber Side, Marriott Resort Sopot, Polsko-Szwedzka Izba Gospodarcza, Przedsi\u0119biorstwo Hydro-Tech Konin, Vita Q SPA, Energa S.A., ECS, Home &amp; You, Restauracja Gda\u0144ska, Alpha Innotec, IBIS, Gessler Restauracja u Kucharzy Sopot,\u00a0 Wydawnictwo Bernardinum<\/strong><\/p>\n<p style=\"text-align: justify;\"><b>Dzi\u0119kujemy Patronom: Wojewoda Pomorski Pan Dariusz Drelich, Marsza\u0142ek Wojew\u00f3dztwa Pomorskiego Pan Mieczys\u0142aw Struk, Prezydent Miasta Gda\u0144ska Pan Pawe\u0142 Adamowicz, Prezydent Miasta Sopotu Pan Jacek Karnowski, Prezydent Miasta Gdyni Pan Wojciech Szczurek, Prezydent Pracodawc\u00f3w Pomorza Pan Zbigniew Canowiecki, Prezes Gda\u0144skiego Klubu Biznesu Pan Marek G\u0142uchowski, Prezes Lo\u017cy Gda\u0144skiej Business Centre Club Pan Maciej Dobrzyniecki, Prezes Og\u00f3lnopolskiego Stowarzyszenie\u00a0Szpitali Prywatnych Pan Andrzej Soko\u0142owski, Prezes Krajowej Izby Gospodarczej Pan Andrzej Arendarski. <\/b><\/p>\n<p style=\"text-align: justify;\"><strong>Szczeg\u00f3lne podzi\u0119kowanie za okazan\u0105 sympati\u0119, wsparcie, przekazanie p\u0142yty z autografami, koszulki oraz but\u00f3w scenicznych Klausa Maine, ufundowanie vouchera oraz przekazanie do wykorzystania do filmu o Fundacji \u015bcie\u017cki d\u017awi\u0119kowej z muzyk\u0105 \u201eSend me an Angel\u201d,\u00a0 sk\u0142adamy Zespo\u0142owi SCORPIONS. <\/strong><\/p>\n<p style=\"text-align: justify;\"><strong>Wszystkim Pa\u0144stwu serdecznie dzi\u0119kujemy!!!!!<\/strong><\/p>\n<p><img decoding=\"async\" loading=\"lazy\" class=\"alignnone size-medium wp-image-1627\" src=\"http:\/\/vivatv.webd.pl\/bal\/wp-content\/uploads\/2017\/11\/bal-2017-109-500x333.jpg\" alt=\"\" width=\"500\" height=\"333\" srcset=\"https:\/\/bal.vivadental.pl\/2017\/wp-content\/uploads\/2017\/11\/bal-2017-109-500x333.jpg 500w, https:\/\/bal.vivadental.pl\/2017\/wp-content\/uploads\/2017\/11\/bal-2017-109-768x512.jpg 768w, https:\/\/bal.vivadental.pl\/2017\/wp-content\/uploads\/2017\/11\/bal-2017-109-1024x682.jpg 1024w, https:\/\/bal.vivadental.pl\/2017\/wp-content\/uploads\/2017\/11\/bal-2017-109.jpg 1280w\" sizes=\"(max-width: 500px) 100vw, 500px\" \/>\u00a0\u00a0<img decoding=\"async\" loading=\"lazy\" class=\"alignnone size-medium wp-image-1653\" src=\"http:\/\/vivatv.webd.pl\/bal\/wp-content\/uploads\/2017\/11\/bal-2017-135-500x333.jpg\" alt=\"\" width=\"500\" height=\"333\" srcset=\"https:\/\/bal.vivadental.pl\/2017\/wp-content\/uploads\/2017\/11\/bal-2017-135-500x333.jpg 500w, https:\/\/bal.vivadental.pl\/2017\/wp-content\/uploads\/2017\/11\/bal-2017-135-768x512.jpg 768w, https:\/\/bal.vivadental.pl\/2017\/wp-content\/uploads\/2017\/11\/bal-2017-135-1024x682.jpg 1024w, https:\/\/bal.vivadental.pl\/2017\/wp-content\/uploads\/2017\/11\/bal-2017-135.jpg 1280w\" sizes=\"(max-width: 500px) 100vw, 500px\" \/><\/p>\n","protected":false},"excerpt":{"rendered":"<p>Reporta\u017c z Balu Charytatywnego Vivadental 2017 Aukcja \u2013 118.680 z\u0142otych dla naszych Podopiecznych! Drugi Bal Charytatywny Fundacji dla dzieci Vivadental\u00a0\u2013\u00a0Z U\u015bmiechem w\u00a0\u017bycie, zgromadzi\u0142 w\u00a0sobotni wiecz\u00f3r 18 listopada 2017 roku, ponad 200 Przyjaci\u00f3\u0142 Fundacji, kt\u00f3rzy\u00a0przybyli do\u00a0Europejskiego Centrum Solidarno\u015bci\u00a0 w\u00a0jednym celu, aby przy dobrej zabawie pom\u00f3c podopiecznym Fundacji. \u00a0\u00a0\u00a0\u00a0 W\u015br\u00f3d nich wielu znanych i lubianych przedstawicieli polityki, &#8230; <a title=\"Reporta\u017c\" class=\"read-more\" href=\"https:\/\/bal.vivadental.pl\/2017\/reportaz-2017\/\" aria-label=\"More on Reporta\u017c\">Read more<\/a><\/p>\n","protected":false},"author":3,"featured_media":0,"parent":0,"menu_order":0,"comment_status":"closed","ping_status":"closed","template":"","meta":{"_editorskit_title_hidden":false,"_editorskit_reading_time":0,"_editorskit_typography_data":[],"_editorskit_blocks_typography":"","_editorskit_is_block_options_detached":false,"_editorskit_block_options_position":"{}","_monsterinsights_skip_tracking":false,"_monsterinsights_sitenote_active":false,"_monsterinsights_sitenote_note":"","_monsterinsights_sitenote_category":0},"yoast_head":"<!-- This site is optimized with the Yoast SEO plugin v19.2 - https:\/\/yoast.com\/wordpress\/plugins\/seo\/ -->\n<title>Reporta\u017c - Bal Vivadental - rok 2017<\/title>\n<meta name=\"robots\" content=\"index, follow, max-snippet:-1, max-image-preview:large, max-video-preview:-1\" \/>\n<link rel=\"canonical\" href=\"https:\/\/bal.vivadental.pl\/2017\/reportaz-2017\/\" \/>\n<meta property=\"og:locale\" content=\"pl_PL\" \/>\n<meta property=\"og:type\" content=\"article\" \/>\n<meta property=\"og:title\" content=\"Reporta\u017c z Balu Charytatywnego Vivadental 2017\" \/>\n<meta property=\"og:description\" content=\"Drugi Bal Charytatywny Fundacji dla dzieci Vivadental\u00a0\u2013\u00a0Z U\u015bmiechem w\u00a0\u017bycie, zgromadzi\u0142 w\u00a0sobotni wiecz\u00f3r 18 listopada 2017 roku, ponad 200 Przyjaci\u00f3\u0142 Fundacji, kt\u00f3rzy\u00a0przybyli do\u00a0Europejskiego Centrum Solidarno\u015bci\u00a0 w\u00a0jednym celu, aby przy dobrej zabawie pom\u00f3c podopiecznym Fundacji. W\u015br\u00f3d nich wielu znanych i lubianych przedstawicieli polityki, dyplomacji, biznesu, nauki, kultury i sztuki oraz sportu i medi\u00f3w, a tak\u017ce Wolontariuszy Fundacji. Tu\u017c po 20 Go\u015bci powita\u0142a para prowadz\u0105cych - Ma\u0142gorzata i Wojciech Tremiszewscy, kt\u00f3rzy w dalszej cz\u0119\u015bci wieczoru brawurowo poprowadzili aukcje. Bal zainaugurowa\u0142 film o dzia\u0142alno\u015bci Fundacji z muzyk\u0105 jednej z najpi\u0119kniejszych ballad rockowych \u201eSend me an Angel\u201d, kt\u00f3r\u0105 dzi\u0119ki Barbarze i Dariuszowi Michalczewskim udost\u0119pni\u0142 nam jego autor \u2013 Zesp\u00f3\u0142 SCORPIONS. To nie jedyny wyraz sympatii okazanej naszej Fundacji przez ten wspania\u0142y zesp\u00f3\u0142, kt\u00f3ry wyst\u0119puje ju\u017c 52!!! lata, a ju\u017c 1 grudnia wyst\u0105pi w Gda\u0144sku. To jednak sta\u0142o si\u0119 p\u00f3\u017aniej.\" \/>\n<meta property=\"og:url\" content=\"https:\/\/bal.vivadental.pl\/2017\/reportaz-2017\/\" \/>\n<meta property=\"og:site_name\" content=\"Bal Vivadental - rok 2017\" \/>\n<meta name=\"author\" content=\"Daniel Wolak\" \/>\n<meta name=\"twitter:card\" content=\"summary_large_image\" \/>\n<meta name=\"twitter:image\" content=\"http:\/\/vivatv.webd.pl\/bal\/wp-content\/uploads\/2017\/11\/bal-2017-128-500x333.jpg\" \/>\n<meta name=\"twitter:label1\" content=\"Szacowany czas czytania\" \/>\n\t<meta name=\"twitter:data1\" content=\"10 minut\" \/>\n<script type=\"application\/ld+json\" class=\"yoast-schema-graph\">{\"@context\":\"https:\/\/schema.org\",\"@graph\":[{\"@type\":\"WebSite\",\"@id\":\"https:\/\/bal.vivadental.pl\/2017\/#website\",\"url\":\"https:\/\/bal.vivadental.pl\/2017\/\",\"name\":\"Bal Vivadental - rok 2017\",\"description\":\"Bal Vivadental - rok 2017\",\"potentialAction\":[{\"@type\":\"SearchAction\",\"target\":{\"@type\":\"EntryPoint\",\"urlTemplate\":\"https:\/\/bal.vivadental.pl\/2017\/?s={search_term_string}\"},\"query-input\":\"required name=search_term_string\"}],\"inLanguage\":\"pl-PL\"},{\"@type\":\"ImageObject\",\"inLanguage\":\"pl-PL\",\"@id\":\"https:\/\/bal.vivadental.pl\/2017\/reportaz-2017\/#primaryimage\",\"url\":\"https:\/\/bal.vivadental.pl\/2017\/wp-content\/uploads\/2017\/11\/bal-2017-056.jpg\",\"contentUrl\":\"https:\/\/bal.vivadental.pl\/2017\/wp-content\/uploads\/2017\/11\/bal-2017-056.jpg\"},{\"@type\":\"WebPage\",\"@id\":\"https:\/\/bal.vivadental.pl\/2017\/reportaz-2017\/#webpage\",\"url\":\"https:\/\/bal.vivadental.pl\/2017\/reportaz-2017\/\",\"name\":\"Reporta\u017c - Bal Vivadental - rok 2017\",\"isPartOf\":{\"@id\":\"https:\/\/bal.vivadental.pl\/2017\/#website\"},\"primaryImageOfPage\":{\"@id\":\"https:\/\/bal.vivadental.pl\/2017\/reportaz-2017\/#primaryimage\"},\"datePublished\":\"2017-11-24T09:36:49+00:00\",\"dateModified\":\"2017-11-24T09:36:49+00:00\",\"breadcrumb\":{\"@id\":\"https:\/\/bal.vivadental.pl\/2017\/reportaz-2017\/#breadcrumb\"},\"inLanguage\":\"pl-PL\",\"potentialAction\":[{\"@type\":\"ReadAction\",\"target\":[\"https:\/\/bal.vivadental.pl\/2017\/reportaz-2017\/\"]}]},{\"@type\":\"BreadcrumbList\",\"@id\":\"https:\/\/bal.vivadental.pl\/2017\/reportaz-2017\/#breadcrumb\",\"itemListElement\":[{\"@type\":\"ListItem\",\"position\":1,\"name\":\"Strona g\u0142\u00f3wna\",\"item\":\"https:\/\/bal.vivadental.pl\/2017\/\"},{\"@type\":\"ListItem\",\"position\":2,\"name\":\"Reporta\u017c\"}]}]}<\/script>\n<!-- \/ Yoast SEO plugin. -->","yoast_head_json":{"title":"Reporta\u017c - Bal Vivadental - rok 2017","robots":{"index":"index","follow":"follow","max-snippet":"max-snippet:-1","max-image-preview":"max-image-preview:large","max-video-preview":"max-video-preview:-1"},"canonical":"https:\/\/bal.vivadental.pl\/2017\/reportaz-2017\/","og_locale":"pl_PL","og_type":"article","og_title":"Reporta\u017c z Balu Charytatywnego Vivadental 2017","og_description":"Drugi Bal Charytatywny Fundacji dla dzieci Vivadental\u00a0\u2013\u00a0Z U\u015bmiechem w\u00a0\u017bycie, zgromadzi\u0142 w\u00a0sobotni wiecz\u00f3r 18 listopada 2017 roku, ponad 200 Przyjaci\u00f3\u0142 Fundacji, kt\u00f3rzy\u00a0przybyli do\u00a0Europejskiego Centrum Solidarno\u015bci\u00a0 w\u00a0jednym celu, aby przy dobrej zabawie pom\u00f3c podopiecznym Fundacji. W\u015br\u00f3d nich wielu znanych i lubianych przedstawicieli polityki, dyplomacji, biznesu, nauki, kultury i sztuki oraz sportu i medi\u00f3w, a tak\u017ce Wolontariuszy Fundacji. Tu\u017c po 20 Go\u015bci powita\u0142a para prowadz\u0105cych - Ma\u0142gorzata i Wojciech Tremiszewscy, kt\u00f3rzy w dalszej cz\u0119\u015bci wieczoru brawurowo poprowadzili aukcje. Bal zainaugurowa\u0142 film o dzia\u0142alno\u015bci Fundacji z muzyk\u0105 jednej z najpi\u0119kniejszych ballad rockowych \u201eSend me an Angel\u201d, kt\u00f3r\u0105 dzi\u0119ki Barbarze i Dariuszowi Michalczewskim udost\u0119pni\u0142 nam jego autor \u2013 Zesp\u00f3\u0142 SCORPIONS. To nie jedyny wyraz sympatii okazanej naszej Fundacji przez ten wspania\u0142y zesp\u00f3\u0142, kt\u00f3ry wyst\u0119puje ju\u017c 52!!! lata, a ju\u017c 1 grudnia wyst\u0105pi w Gda\u0144sku. To jednak sta\u0142o si\u0119 p\u00f3\u017aniej.","og_url":"https:\/\/bal.vivadental.pl\/2017\/reportaz-2017\/","og_site_name":"Bal Vivadental - rok 2017","author":"Daniel Wolak","twitter_card":"summary_large_image","twitter_image":"http:\/\/vivatv.webd.pl\/bal\/wp-content\/uploads\/2017\/11\/bal-2017-128-500x333.jpg","twitter_misc":{"Szacowany czas czytania":"10 minut"},"schema":{"@context":"https:\/\/schema.org","@graph":[{"@type":"WebSite","@id":"https:\/\/bal.vivadental.pl\/2017\/#website","url":"https:\/\/bal.vivadental.pl\/2017\/","name":"Bal Vivadental - rok 2017","description":"Bal Vivadental - rok 2017","potentialAction":[{"@type":"SearchAction","target":{"@type":"EntryPoint","urlTemplate":"https:\/\/bal.vivadental.pl\/2017\/?s={search_term_string}"},"query-input":"required name=search_term_string"}],"inLanguage":"pl-PL"},{"@type":"ImageObject","inLanguage":"pl-PL","@id":"https:\/\/bal.vivadental.pl\/2017\/reportaz-2017\/#primaryimage","url":"https:\/\/bal.vivadental.pl\/2017\/wp-content\/uploads\/2017\/11\/bal-2017-056.jpg","contentUrl":"https:\/\/bal.vivadental.pl\/2017\/wp-content\/uploads\/2017\/11\/bal-2017-056.jpg"},{"@type":"WebPage","@id":"https:\/\/bal.vivadental.pl\/2017\/reportaz-2017\/#webpage","url":"https:\/\/bal.vivadental.pl\/2017\/reportaz-2017\/","name":"Reporta\u017c - Bal Vivadental - rok 2017","isPartOf":{"@id":"https:\/\/bal.vivadental.pl\/2017\/#website"},"primaryImageOfPage":{"@id":"https:\/\/bal.vivadental.pl\/2017\/reportaz-2017\/#primaryimage"},"datePublished":"2017-11-24T09:36:49+00:00","dateModified":"2017-11-24T09:36:49+00:00","breadcrumb":{"@id":"https:\/\/bal.vivadental.pl\/2017\/reportaz-2017\/#breadcrumb"},"inLanguage":"pl-PL","potentialAction":[{"@type":"ReadAction","target":["https:\/\/bal.vivadental.pl\/2017\/reportaz-2017\/"]}]},{"@type":"BreadcrumbList","@id":"https:\/\/bal.vivadental.pl\/2017\/reportaz-2017\/#breadcrumb","itemListElement":[{"@type":"ListItem","position":1,"name":"Strona g\u0142\u00f3wna","item":"https:\/\/bal.vivadental.pl\/2017\/"},{"@type":"ListItem","position":2,"name":"Reporta\u017c"}]}]}},"_links":{"self":[{"href":"https:\/\/bal.vivadental.pl\/2017\/wp-json\/wp\/v2\/pages\/15"}],"collection":[{"href":"https:\/\/bal.vivadental.pl\/2017\/wp-json\/wp\/v2\/pages"}],"about":[{"href":"https:\/\/bal.vivadental.pl\/2017\/wp-json\/wp\/v2\/types\/page"}],"author":[{"embeddable":true,"href":"https:\/\/bal.vivadental.pl\/2017\/wp-json\/wp\/v2\/users\/3"}],"replies":[{"embeddable":true,"href":"https:\/\/bal.vivadental.pl\/2017\/wp-json\/wp\/v2\/comments?post=15"}],"version-history":[{"count":0,"href":"https:\/\/bal.vivadental.pl\/2017\/wp-json\/wp\/v2\/pages\/15\/revisions"}],"wp:attachment":[{"href":"https:\/\/bal.vivadental.pl\/2017\/wp-json\/wp\/v2\/media?parent=15"}],"curies":[{"name":"wp","href":"https:\/\/api.w.org\/{rel}","templated":true}]}}