{"id":11,"date":"2017-08-21T13:51:31","date_gmt":"2017-08-21T11:51:31","guid":{"rendered":"http:\/\/vivatv.webd.pl\/bal\/?page_id=1313"},"modified":"2021-11-29T22:20:21","modified_gmt":"2021-11-29T21:20:21","slug":"glowna-2017","status":"publish","type":"page","link":"https:\/\/bal.vivadental.pl\/2017\/","title":{"rendered":"G\u0142\u00f3wna 2017"},"content":{"rendered":"<section class=\"gb-container gb-container-5510cc45\"><div class=\"gb-inside-container\">\n\n<h2 class=\"has-text-align-center wp-block-heading\"><span style=\"color:var(--base-3)\" class=\"tadv-color\">Bal 2017<\/span><\/h2>\n\n<\/div><\/section>\n\n<div class=\"gb-container gb-container-3f2dbc33\"><div class=\"gb-inside-container\">\n\n<p class=\"has-text-align-justify\">Serdecznie Pa\u0144stwa zapraszamy 18 listopada 2017 roku na Drugi Bal Charytatywny Fundacji dla Dzieci Vivadental &nbsp;\u201eZ U\u015bmiechem w \u017bycie\u201d.&nbsp;\u0141\u0105cz\u0105c dobr\u0105 zabaw\u0119 z filantropi\u0105, mamy nadziej\u0119, przy Pa\u0144stwa wsp\u00f3\u0142udziale, zapewni\u0107 sfinansowanie kompleksowego leczenia naszych podopiecznych, w tym najm\u0142odszych mieszka\u0144c\u00f3w&nbsp;pomorskich dom\u00f3w dziecka oraz kolejnych pacjent\u00f3w naszej Fundacji cierpi\u0105cych na rzadk\u0105 chorob\u0119 genetyczn\u0105 \u2013 oligodoncj\u0119.&nbsp;Na Balu przedstawimy Pa\u0144stwu efekty przeprowadzonego przez nas leczenia u trojga z nich, kt\u00f3rych poznali Pa\u0144stwo w roku ubieg\u0142ym, a kt\u00f3rzy dzi\u0119ki Pa\u0144stwa wydatnej pomocy dzi\u015b mog\u0105 si\u0119 cieszy\u0107 swoim nowym, pi\u0119knym u\u015bmiechem.<\/p>\n\n\n\n<p class=\"has-text-align-justify\">Maj\u0105c w pami\u0119ci Pa\u0144stwa \u017cyczliwe przyj\u0119cie ubieg\u0142orocznego Balu, do\u0142o\u017cymy wszelkich stara\u0144, aby tegoroczny wiecz\u00f3r by\u0142 dla Pa\u0144stwa wspania\u0142ym prze\u017cyciem.<\/p>\n\n\n\n<p class=\"has-text-align-right\"><a href=\"https:\/\/bal.vivadental.pl\/2017\/bal-2017\" class=\"ek-link\">Wi\u0119cej<\/a><\/p>\n\n<\/div><\/div>\n\n<section class=\"gb-container gb-container-c1aabde4\"><div class=\"gb-inside-container\">\n\n<h2 class=\"has-text-align-center wp-block-heading\"><span style=\"color:var(--base-3)\" class=\"tadv-color\">O nas<\/span><\/h2>\n\n<\/div><\/section>\n\n<div class=\"gb-container gb-container-8c40e286\"><div class=\"gb-inside-container\">\n\n<p class=\"has-text-align-justify\">Fundacja dla Dzieci Vivadental to moja najwa\u017cniejsza inicjatywa spo\u0142eczna, koncentruj\u0105ca si\u0119 na pomaganiu najbardziej potrzebuj\u0105cym. Dysponuj\u0105c 25 letnim do\u015bwiadczeniem lekarskim, prowadz\u0105c klinik\u0119 Vivadental ze \u015bwietn\u0105 kadr\u0105 medyczn\u0105 i doskona\u0142ym zapleczem technicznym, mog\u0142am z pe\u0142n\u0105 odpowiedzialno\u015bci\u0105 podj\u0105\u0107 decyzj\u0119 o powo\u0142aniu Fundacji i oparciu jej dzia\u0142alno\u015bci o posiadany potencja\u0142.<\/p>\n\n\n\n<p class=\"has-text-align-justify\">Odbiorcami pomocy Fundacji s\u0105 przede wszystkim dzieci: niepe\u0142nosprawne, osierocone, nieuleczanie chore oraz m\u0142ode osoby choruj\u0105ce na oligodoncj\u0119- rzadk\u0105 chorob\u0119 genetyczn\u0105. Prowadzimy r\u00f3wnie\u017c projekty edukacyjne w zakresie profilaktyki pr\u00f3chnicy i kreowania prawid\u0142owej kultury zdrowia jamy ustnej, \u017ce szczeg\u00f3ln\u0105 uwag\u0105 skierowan\u0105 na potrzeby senior\u00f3w.<\/p>\n\n\n\n<p class=\"has-text-align-right\"><a href=\"https:\/\/bal.vivadental.pl\/2017\/o-nas-2017\/\" class=\"ek-link\">Wi\u0119cej<\/a><\/p>\n\n<\/div><\/div>\n\n<section class=\"gb-container gb-container-7a74209d\"><div class=\"gb-inside-container\">\n\n<h2 class=\"has-text-align-center wp-block-heading\"><span style=\"color:var(--base-3)\" class=\"tadv-color\">Arty\u015bci<\/span><\/h2>\n\n<\/div><\/section>\n\n<div class=\"gb-container gb-container-b75b0b0f\"><div class=\"gb-inside-container\">\n\n<p class=\"has-text-align-center\">Drugi Bal Charytatywny Fundacji dla Dzieci Vivadental \u201eZ U\u015bmiechem w \u017bycie\u201d u\u015bwietni\u0105:<\/p>\n\n\n\n<p class=\"has-text-align-center\">Gwiazda Wieczoru \u2013 Ma\u0142gorzata Ostrowska z zespo\u0142em;<\/p>\n\n\n\n<p class=\"has-text-align-center\">Oprawa muzyczna &#8211;&nbsp; Bart\u0142omiej Szopi\u0144ski z zespo\u0142em<\/p>\n\n\n\n<p class=\"has-text-align-center\">Prowadzenie &#8211; Wojciech Tremiszewski.<\/p>\n\n\n\n<p class=\"has-text-align-center\"><a href=\"https:\/\/bal.vivadental.pl\/2017\/artysci-2017\/\" class=\"ek-link\">Zobacz wi\u0119cej<\/a><\/p>\n\n<\/div><\/div>\n\n<section class=\"gb-container gb-container-c0980ec4\"><div class=\"gb-inside-container\">\n\n<h2 class=\"has-text-align-center wp-block-heading\"><span style=\"color:var(--base-3)\" class=\"tadv-color\">Miejsce<\/span><\/h2>\n\n<\/div><\/section>\n\n<div class=\"gb-container gb-container-3ca6c86a\"><div class=\"gb-inside-container\">\n\n<p class=\"has-text-align-justify\">Europejskie Centrum Solidarno\u015bci \u2013 18 listopada 2017 roku<\/p>\n\n\n\n<p class=\"has-text-align-justify\">Projekt Muzeum Solidarno\u015bci \u201ePolskie drogi do wolno\u015bci\u201d narodzi\u0142 si\u0119 w marcu 1998 roku, wed\u0142ug koncepcji przewodnicz\u0105cego Rady Miasta Gda\u0144ska Paw\u0142a Adamowicza i historyka dr. Jerzego Kukli\u0144skiego.<\/p>\n\n\n\n<p class=\"has-text-align-justify\">\u201eChcemy w ten spos\u00f3b przela\u0107 nasze \u00f3wczesne idee na karty tera\u017aniejszo\u015bci z my\u015bl\u0105 o przysz\u0142ych pokoleniach\u201d \u2013 podkre\u015bla\u0142 Lech Wa\u0142\u0119sa, legendarny przyw\u00f3dca Solidarno\u015bci, podczas uroczystego podpisania aktu erekcyjnego w 2015 r. \u2013 Tak jak m\u00f3wili\u015bcie, \u017ce nie ma wolno\u015bci bez Solidarno\u015bci, ja m\u00f3wi\u0119, \u017ce nie ma Europy bez wolno\u015bci i solidarno\u015bci \u2013 m\u00f3wi\u0142 Jos\u00e9 Manuel Barroso, przewodnicz\u0105cy Komisji Europejskiej. \u2013 Europa dzi\u0119kuje Solidarno\u015bci za wszystko, co zrobi\u0142a.<\/p>\n\n<\/div><\/div>\n\n<section class=\"gb-container gb-container-3607c8cf\"><div class=\"gb-inside-container\">\n\n<h2 class=\"has-text-align-center wp-block-heading\"><span style=\"color:var(--base-3)\" class=\"tadv-color\">Zaproszenie<\/span><\/h2>\n\n<\/div><\/section>\n\n<div class=\"gb-container gb-container-d3f0712f\"><div class=\"gb-inside-container\">\n\n<p class=\"has-text-align-justify\">Serdecznie Pa\u0144stwa zapraszamy do udzia\u0142u w Balu i wsparcie podopiecznych Fundacji dla Dzieci Vivadental poprzez nabycie zaprosze\u0144 w cenie 400 z\u0142 od osoby.&nbsp;Przed nami atrakcyjny wiecz\u00f3r z u\u015bmiechem w gronie przyjaci\u00f3\u0142 i wspania\u0142a okazja do nawi\u0105zania nowych, fascynuj\u0105cych znajomo\u015bci.&nbsp;Przygotowali\u015bmy dla Pa\u0144stwa fantastyczny program obfituj\u0105cy w liczne niespodzianki, zabaw\u0119 fantow\u0105, licytacj\u0119 dzie\u0142 sztuki oraz losowanie atrakcyjnych nagr\u00f3d. Towarzyszy\u0107 nam b\u0119dzie doskona\u0142a oprawa muzyczna ze \u015bwiatowymi szlagierami nie tylko ostatnich lat oraz wyborne menu serwowane przez Restauracj\u0119 Amber Side.<\/p>\n\n<\/div><\/div>\n\n<section class=\"gb-container gb-container-0f18ad31\"><div class=\"gb-inside-container\">\n\n<h2 class=\"has-text-align-center wp-block-heading\"><\/h2>\n\n<\/div><\/section>\n\n\n<p><\/p>\n","protected":false},"excerpt":{"rendered":"<p>Bal 2017 Serdecznie Pa\u0144stwa zapraszamy 18 listopada 2017 roku na Drugi Bal Charytatywny Fundacji dla Dzieci Vivadental &nbsp;\u201eZ U\u015bmiechem w \u017bycie\u201d.&nbsp;\u0141\u0105cz\u0105c dobr\u0105 zabaw\u0119 z filantropi\u0105, mamy nadziej\u0119, przy Pa\u0144stwa wsp\u00f3\u0142udziale, zapewni\u0107 sfinansowanie kompleksowego leczenia naszych podopiecznych, w tym najm\u0142odszych mieszka\u0144c\u00f3w&nbsp;pomorskich dom\u00f3w dziecka oraz kolejnych pacjent\u00f3w naszej Fundacji cierpi\u0105cych na rzadk\u0105 chorob\u0119 genetyczn\u0105 \u2013 oligodoncj\u0119.&nbsp;Na Balu &#8230; <a title=\"G\u0142\u00f3wna 2017\" class=\"read-more\" href=\"https:\/\/bal.vivadental.pl\/2017\/\" aria-label=\"More on G\u0142\u00f3wna 2017\">Read more<\/a><\/p>\n","protected":false},"author":1,"featured_media":0,"parent":0,"menu_order":0,"comment_status":"closed","ping_status":"closed","template":"","meta":{"_editorskit_title_hidden":false,"_editorskit_reading_time":1,"_editorskit_typography_data":[],"_editorskit_blocks_typography":"","_editorskit_is_block_options_detached":false,"_editorskit_block_options_position":"{}","_monsterinsights_skip_tracking":false,"_monsterinsights_sitenote_active":false,"_monsterinsights_sitenote_note":"","_monsterinsights_sitenote_category":0},"yoast_head":"<!-- This site is optimized with the Yoast SEO plugin v19.2 - https:\/\/yoast.com\/wordpress\/plugins\/seo\/ -->\n<title>G\u0142\u00f3wna 2017 - Bal Vivadental - rok 2017<\/title>\n<meta name=\"robots\" content=\"index, follow, max-snippet:-1, max-image-preview:large, max-video-preview:-1\" \/>\n<link rel=\"canonical\" href=\"https:\/\/bal.vivadental.pl\/2017\/\" \/>\n<meta property=\"og:locale\" content=\"pl_PL\" \/>\n<meta property=\"og:type\" content=\"article\" \/>\n<meta property=\"og:title\" content=\"G\u0142\u00f3wna 2017 - Bal Vivadental - rok 2017\" \/>\n<meta property=\"og:description\" content=\"Bal 2017 Serdecznie Pa\u0144stwa zapraszamy 18 listopada 2017 roku na Drugi Bal Charytatywny Fundacji dla Dzieci Vivadental &nbsp;\u201eZ U\u015bmiechem w \u017bycie\u201d.&nbsp;\u0141\u0105cz\u0105c dobr\u0105 zabaw\u0119 z filantropi\u0105, mamy nadziej\u0119, przy Pa\u0144stwa wsp\u00f3\u0142udziale, zapewni\u0107 sfinansowanie kompleksowego leczenia naszych podopiecznych, w tym najm\u0142odszych mieszka\u0144c\u00f3w&nbsp;pomorskich dom\u00f3w dziecka oraz kolejnych pacjent\u00f3w naszej Fundacji cierpi\u0105cych na rzadk\u0105 chorob\u0119 genetyczn\u0105 \u2013 oligodoncj\u0119.&nbsp;Na Balu ... Read more\" \/>\n<meta property=\"og:url\" content=\"https:\/\/bal.vivadental.pl\/2017\/\" \/>\n<meta property=\"og:site_name\" content=\"Bal Vivadental - rok 2017\" \/>\n<meta property=\"article:modified_time\" content=\"2021-11-29T21:20:21+00:00\" \/>\n<meta name=\"author\" content=\"Jaros\u0142aw Szycik\" \/>\n<meta name=\"twitter:card\" content=\"summary_large_image\" \/>\n<meta name=\"twitter:label1\" content=\"Szacowany czas czytania\" \/>\n\t<meta name=\"twitter:data1\" content=\"2 minuty\" \/>\n<script type=\"application\/ld+json\" class=\"yoast-schema-graph\">{\"@context\":\"https:\/\/schema.org\",\"@graph\":[{\"@type\":\"WebSite\",\"@id\":\"https:\/\/bal.vivadental.pl\/2017\/#website\",\"url\":\"https:\/\/bal.vivadental.pl\/2017\/\",\"name\":\"Bal Vivadental - rok 2017\",\"description\":\"Bal Vivadental - rok 2017\",\"potentialAction\":[{\"@type\":\"SearchAction\",\"target\":{\"@type\":\"EntryPoint\",\"urlTemplate\":\"https:\/\/bal.vivadental.pl\/2017\/?s={search_term_string}\"},\"query-input\":\"required name=search_term_string\"}],\"inLanguage\":\"pl-PL\"},{\"@type\":\"WebPage\",\"@id\":\"https:\/\/bal.vivadental.pl\/2017\/#webpage\",\"url\":\"https:\/\/bal.vivadental.pl\/2017\/\",\"name\":\"G\u0142\u00f3wna 2017 - Bal Vivadental - rok 2017\",\"isPartOf\":{\"@id\":\"https:\/\/bal.vivadental.pl\/2017\/#website\"},\"datePublished\":\"2017-08-21T11:51:31+00:00\",\"dateModified\":\"2021-11-29T21:20:21+00:00\",\"breadcrumb\":{\"@id\":\"https:\/\/bal.vivadental.pl\/2017\/#breadcrumb\"},\"inLanguage\":\"pl-PL\",\"potentialAction\":[{\"@type\":\"ReadAction\",\"target\":[\"https:\/\/bal.vivadental.pl\/2017\/\"]}]},{\"@type\":\"BreadcrumbList\",\"@id\":\"https:\/\/bal.vivadental.pl\/2017\/#breadcrumb\",\"itemListElement\":[{\"@type\":\"ListItem\",\"position\":1,\"name\":\"Strona g\u0142\u00f3wna\",\"item\":\"https:\/\/bal.vivadental.pl\/2017\/\"},{\"@type\":\"ListItem\",\"position\":2,\"name\":\"G\u0142\u00f3wna 2017\"}]}]}<\/script>\n<!-- \/ Yoast SEO plugin. -->","yoast_head_json":{"title":"G\u0142\u00f3wna 2017 - Bal Vivadental - rok 2017","robots":{"index":"index","follow":"follow","max-snippet":"max-snippet:-1","max-image-preview":"max-image-preview:large","max-video-preview":"max-video-preview:-1"},"canonical":"https:\/\/bal.vivadental.pl\/2017\/","og_locale":"pl_PL","og_type":"article","og_title":"G\u0142\u00f3wna 2017 - Bal Vivadental - rok 2017","og_description":"Bal 2017 Serdecznie Pa\u0144stwa zapraszamy 18 listopada 2017 roku na Drugi Bal Charytatywny Fundacji dla Dzieci Vivadental &nbsp;\u201eZ U\u015bmiechem w \u017bycie\u201d.&nbsp;\u0141\u0105cz\u0105c dobr\u0105 zabaw\u0119 z filantropi\u0105, mamy nadziej\u0119, przy Pa\u0144stwa wsp\u00f3\u0142udziale, zapewni\u0107 sfinansowanie kompleksowego leczenia naszych podopiecznych, w tym najm\u0142odszych mieszka\u0144c\u00f3w&nbsp;pomorskich dom\u00f3w dziecka oraz kolejnych pacjent\u00f3w naszej Fundacji cierpi\u0105cych na rzadk\u0105 chorob\u0119 genetyczn\u0105 \u2013 oligodoncj\u0119.&nbsp;Na Balu ... Read more","og_url":"https:\/\/bal.vivadental.pl\/2017\/","og_site_name":"Bal Vivadental - rok 2017","article_modified_time":"2021-11-29T21:20:21+00:00","author":"Jaros\u0142aw Szycik","twitter_card":"summary_large_image","twitter_misc":{"Szacowany czas czytania":"2 minuty"},"schema":{"@context":"https:\/\/schema.org","@graph":[{"@type":"WebSite","@id":"https:\/\/bal.vivadental.pl\/2017\/#website","url":"https:\/\/bal.vivadental.pl\/2017\/","name":"Bal Vivadental - rok 2017","description":"Bal Vivadental - rok 2017","potentialAction":[{"@type":"SearchAction","target":{"@type":"EntryPoint","urlTemplate":"https:\/\/bal.vivadental.pl\/2017\/?s={search_term_string}"},"query-input":"required name=search_term_string"}],"inLanguage":"pl-PL"},{"@type":"WebPage","@id":"https:\/\/bal.vivadental.pl\/2017\/#webpage","url":"https:\/\/bal.vivadental.pl\/2017\/","name":"G\u0142\u00f3wna 2017 - Bal Vivadental - rok 2017","isPartOf":{"@id":"https:\/\/bal.vivadental.pl\/2017\/#website"},"datePublished":"2017-08-21T11:51:31+00:00","dateModified":"2021-11-29T21:20:21+00:00","breadcrumb":{"@id":"https:\/\/bal.vivadental.pl\/2017\/#breadcrumb"},"inLanguage":"pl-PL","potentialAction":[{"@type":"ReadAction","target":["https:\/\/bal.vivadental.pl\/2017\/"]}]},{"@type":"BreadcrumbList","@id":"https:\/\/bal.vivadental.pl\/2017\/#breadcrumb","itemListElement":[{"@type":"ListItem","position":1,"name":"Strona g\u0142\u00f3wna","item":"https:\/\/bal.vivadental.pl\/2017\/"},{"@type":"ListItem","position":2,"name":"G\u0142\u00f3wna 2017"}]}]}},"_links":{"self":[{"href":"https:\/\/bal.vivadental.pl\/2017\/wp-json\/wp\/v2\/pages\/11"}],"collection":[{"href":"https:\/\/bal.vivadental.pl\/2017\/wp-json\/wp\/v2\/pages"}],"about":[{"href":"https:\/\/bal.vivadental.pl\/2017\/wp-json\/wp\/v2\/types\/page"}],"author":[{"embeddable":true,"href":"https:\/\/bal.vivadental.pl\/2017\/wp-json\/wp\/v2\/users\/1"}],"replies":[{"embeddable":true,"href":"https:\/\/bal.vivadental.pl\/2017\/wp-json\/wp\/v2\/comments?post=11"}],"version-history":[{"count":8,"href":"https:\/\/bal.vivadental.pl\/2017\/wp-json\/wp\/v2\/pages\/11\/revisions"}],"predecessor-version":[{"id":83,"href":"https:\/\/bal.vivadental.pl\/2017\/wp-json\/wp\/v2\/pages\/11\/revisions\/83"}],"wp:attachment":[{"href":"https:\/\/bal.vivadental.pl\/2017\/wp-json\/wp\/v2\/media?parent=11"}],"curies":[{"name":"wp","href":"https:\/\/api.w.org\/{rel}","templated":true}]}}